{"id":696414,"date":"2024-06-13T10:54:23","date_gmt":"2024-06-13T08:54:23","guid":{"rendered":"http:\/\/pith8215.odns.fr\/lot\/tres-bel-appartement-en-duplex-3-chambres-cabine\/"},"modified":"2026-05-01T05:28:32","modified_gmt":"2026-05-01T03:28:32","slug":"tres-bel-appartement-en-duplex-3-chambres-cabine","status":"publish","type":"lot","link":"https:\/\/www.agenceimmoselect.com\/en\/lot\/tres-bel-appartement-en-duplex-3-chambres-cabine\/","title":{"rendered":"Tr\u00e8s bel appartement en duplex, 3 chambres + cabine"},"content":{"rendered":"<p>Appartement en duplex sous toit (2\u00e8me \u00e9tage sans ascenseur) qui offre une vue d\u00e9gag\u00e9e et qui vous permettra de profiter pleinement de votre s\u00e9jour. Avec ses 4 chambres et ses deux salles d&#8217;eau, il y a de la place pour toute la famille. L&#8217;\u00e9quipement haut de gamme de cet appartement saura r\u00e9pondre \u00e0 toutes vos attentes. De la cuisine \u00e0 la salle de bain, tout a \u00e9t\u00e9 pens\u00e9 pour votre confort. Petit plus : profitez de la vue depuis le &#8220;t\u00e9l\u00e9si\u00e8ge fixe&#8221;install\u00e9 sur le balcon. Un double garage est \u00e0 votre disposition.<br \/>\nCapacit\u00e9 id\u00e9ale 6 personnes \/ maximum 8 personnes<\/p>\n<p>Adh\u00e9rent Multipass \u00e9t\u00e9 2024<\/p>\n<p>DESCRIPTION:<br \/>\n&#8211; Un salon\/s\u00e9jour avec cuisine ouverte, donnant acc\u00e8s au balcon expos\u00e9 ouest et \u00e9quip\u00e9 d&#8217;un &#8220;t\u00e9l\u00e9si\u00e8ge-banc&#8221;.<br \/>\n&#8211; une chambre \u00e9quip\u00e9e de 2 lits simples pouvant former un double ( 90 x 200cm)<br \/>\n&#8211; une salle de douche avec vasque, WC et s\u00e8che-serviette<br \/>\nNiveau +1 :<br \/>\n&#8211; 1 cabine avec deux lits superpos\u00e9s et placard (velux)<br \/>\n&#8211; 1 chambre double avec TV et rangements<br \/>\n&#8211; 1 chambre double<br \/>\n&#8211; une salle de douche avec vasque, s\u00e8che-serviette et WC<\/p>\n<p>EQUIPEMENT:<br \/>\nCuisine enti\u00e8rement \u00e9quip\u00e9e avec micro-ondes, four int\u00e9gr\u00e9, plaques \u00e0 induction, hotte, lave-vaisselle, r\u00e9frig\u00e9rateur\/cong\u00e9lateur, bouilloire, grille-pain, cafeti\u00e8re SMEG \u00e0 grain, appareil \u00e0 raclette, \u00e9tandage. WIFI, TV connect\u00e9s, Lave linge.  <\/p>\n<p>ANNEXES:<br \/>\n1 garage au sous sol (1 voiture), 1 casier a ski, 1 local a velo commun (pr\u00e9voir cadenas)<\/p>\n<p>SERVICES INCLUS HIVER ET ETE :<br \/>\nM\u00e9nage fin de s\u00e9jour, Linge de maison (draps, taies d&#8217;oreiller et housse de couette), Serviettes et tapis de bain,<\/p>\n<p>EN OPTION :Location de peignoir, lits faits,  panier petit dejeuner, prestations de m\u00e9nage et de blanchisserie interm\u00e9diaires. Prix sur demande. <\/p>\n<p>Kit m\u00e9nage, Kit SDB.<br \/>\nAl\u00e8zes jetables \/ Animaux interdits &#8211; Non fumeur<br \/>\nASSURANCE ANNULATION de s\u00e9jour \u00e0 la charge du locataire sur demande<\/p>\n","protected":false},"excerpt":{"rendered":"<p>Appartement en duplex sous toit (2\u00e8me \u00e9tage sans ascenseur) qui offre une vue d\u00e9gag\u00e9e et qui vous permettra de profiter pleinement de votre s\u00e9jour. Avec ses 4 chambres et ses deux salles d&#8217;eau, il y a de la place pour toute la famille. L&#8217;\u00e9quipement haut de gamme de cet appartement saura r\u00e9pondre \u00e0 toutes vos [&hellip;]<\/p>\n","protected":false},"author":1,"featured_media":0,"comment_status":"closed","ping_status":"closed","template":"","class_list":["post-696414","lot","type-lot","status-publish","hentry"],"acf":[],"yoast_head":"<!-- This site is optimized with the Yoast SEO plugin v25.6 - https:\/\/yoast.com\/wordpress\/plugins\/seo\/ -->\n<title>Tr\u00e8s bel appartement en duplex, 3 chambres + cabine - Agence Immobiliere Les Gets \u2013 Agence Immo Select<\/title>\n<meta name=\"robots\" content=\"index, follow, max-snippet:-1, max-image-preview:large, max-video-preview:-1\" \/>\n<link rel=\"canonical\" href=\"https:\/\/www.agenceimmoselect.com\/en\/lot\/tres-bel-appartement-en-duplex-3-chambres-cabine\/\" \/>\n<meta property=\"og:locale\" content=\"en_US\" \/>\n<meta property=\"og:type\" content=\"article\" \/>\n<meta property=\"og:title\" content=\"Tr\u00e8s bel appartement en duplex, 3 chambres + cabine - Agence Immobiliere Les Gets \u2013 Agence Immo Select\" \/>\n<meta property=\"og:description\" content=\"Appartement en duplex sous toit (2\u00e8me \u00e9tage sans ascenseur) qui offre une vue d\u00e9gag\u00e9e et qui vous permettra de profiter pleinement de votre s\u00e9jour. Avec ses 4 chambres et ses deux salles d&#8217;eau, il y a de la place pour toute la famille. L&#8217;\u00e9quipement haut de gamme de cet appartement saura r\u00e9pondre \u00e0 toutes vos [&hellip;]\" \/>\n<meta property=\"og:url\" content=\"https:\/\/www.agenceimmoselect.com\/en\/lot\/tres-bel-appartement-en-duplex-3-chambres-cabine\/\" \/>\n<meta property=\"og:site_name\" content=\"Agence Immobiliere Les Gets \u2013 Agence Immo Select\" \/>\n<meta property=\"article:modified_time\" content=\"2026-05-01T03:28:32+00:00\" \/>\n<meta name=\"twitter:card\" content=\"summary_large_image\" \/>\n<meta name=\"twitter:label1\" content=\"Est. reading time\" \/>\n\t<meta name=\"twitter:data1\" content=\"2 minutes\" \/>\n<script type=\"application\/ld+json\" class=\"yoast-schema-graph\">{\"@context\":\"https:\/\/schema.org\",\"@graph\":[{\"@type\":\"WebPage\",\"@id\":\"https:\/\/www.agenceimmoselect.com\/en\/lot\/tres-bel-appartement-en-duplex-3-chambres-cabine\/\",\"url\":\"https:\/\/www.agenceimmoselect.com\/en\/lot\/tres-bel-appartement-en-duplex-3-chambres-cabine\/\",\"name\":\"Tr\u00e8s bel appartement en duplex, 3 chambres + cabine - Agence Immobiliere Les Gets \u2013 Agence Immo Select\",\"isPartOf\":{\"@id\":\"https:\/\/www.agenceimmoselect.com\/en\/#website\"},\"datePublished\":\"2024-06-13T08:54:23+00:00\",\"dateModified\":\"2026-05-01T03:28:32+00:00\",\"breadcrumb\":{\"@id\":\"https:\/\/www.agenceimmoselect.com\/en\/lot\/tres-bel-appartement-en-duplex-3-chambres-cabine\/#breadcrumb\"},\"inLanguage\":\"en-US\",\"potentialAction\":[{\"@type\":\"ReadAction\",\"target\":[\"https:\/\/www.agenceimmoselect.com\/en\/lot\/tres-bel-appartement-en-duplex-3-chambres-cabine\/\"]}]},{\"@type\":\"BreadcrumbList\",\"@id\":\"https:\/\/www.agenceimmoselect.com\/en\/lot\/tres-bel-appartement-en-duplex-3-chambres-cabine\/#breadcrumb\",\"itemListElement\":[{\"@type\":\"ListItem\",\"position\":1,\"name\":\"Accueil\",\"item\":\"https:\/\/www.agenceimmoselect.com\/en\/\"},{\"@type\":\"ListItem\",\"position\":2,\"name\":\"Lots\",\"item\":\"https:\/\/www.agenceimmoselect.com\/en\/lot\/\"},{\"@type\":\"ListItem\",\"position\":3,\"name\":\"Tr\u00e8s bel appartement en duplex, 3 chambres + cabine\"}]},{\"@type\":\"WebSite\",\"@id\":\"https:\/\/www.agenceimmoselect.com\/en\/#website\",\"url\":\"https:\/\/www.agenceimmoselect.com\/en\/\",\"name\":\"Agence Immo'Select - Les Gets\",\"description\":\"\",\"publisher\":{\"@id\":\"https:\/\/www.agenceimmoselect.com\/en\/#organization\"},\"potentialAction\":[{\"@type\":\"SearchAction\",\"target\":{\"@type\":\"EntryPoint\",\"urlTemplate\":\"https:\/\/www.agenceimmoselect.com\/en\/?s={search_term_string}\"},\"query-input\":{\"@type\":\"PropertyValueSpecification\",\"valueRequired\":true,\"valueName\":\"search_term_string\"}}],\"inLanguage\":\"en-US\"},{\"@type\":\"Organization\",\"@id\":\"https:\/\/www.agenceimmoselect.com\/en\/#organization\",\"name\":\"Agence Immo'Select - Les Gets\",\"url\":\"https:\/\/www.agenceimmoselect.com\/en\/\",\"logo\":{\"@type\":\"ImageObject\",\"inLanguage\":\"en-US\",\"@id\":\"https:\/\/www.agenceimmoselect.com\/en\/#\/schema\/logo\/image\/\",\"url\":\"https:\/\/www.agenceimmoselect.com\/wp-content\/uploads\/2022\/06\/IMMO-SELECT_Logo_RVB_Fond-bleu.jpg\",\"contentUrl\":\"https:\/\/www.agenceimmoselect.com\/wp-content\/uploads\/2022\/06\/IMMO-SELECT_Logo_RVB_Fond-bleu.jpg\",\"width\":1783,\"height\":1481,\"caption\":\"Agence Immo'Select - Les Gets\"},\"image\":{\"@id\":\"https:\/\/www.agenceimmoselect.com\/en\/#\/schema\/logo\/image\/\"}}]}<\/script>\n<!-- \/ Yoast SEO plugin. -->","yoast_head_json":{"title":"Tr\u00e8s bel appartement en duplex, 3 chambres + cabine - Agence Immobiliere Les Gets \u2013 Agence Immo Select","robots":{"index":"index","follow":"follow","max-snippet":"max-snippet:-1","max-image-preview":"max-image-preview:large","max-video-preview":"max-video-preview:-1"},"canonical":"https:\/\/www.agenceimmoselect.com\/en\/lot\/tres-bel-appartement-en-duplex-3-chambres-cabine\/","og_locale":"en_US","og_type":"article","og_title":"Tr\u00e8s bel appartement en duplex, 3 chambres + cabine - Agence Immobiliere Les Gets \u2013 Agence Immo Select","og_description":"Appartement en duplex sous toit (2\u00e8me \u00e9tage sans ascenseur) qui offre une vue d\u00e9gag\u00e9e et qui vous permettra de profiter pleinement de votre s\u00e9jour. Avec ses 4 chambres et ses deux salles d&#8217;eau, il y a de la place pour toute la famille. L&#8217;\u00e9quipement haut de gamme de cet appartement saura r\u00e9pondre \u00e0 toutes vos [&hellip;]","og_url":"https:\/\/www.agenceimmoselect.com\/en\/lot\/tres-bel-appartement-en-duplex-3-chambres-cabine\/","og_site_name":"Agence Immobiliere Les Gets \u2013 Agence Immo Select","article_modified_time":"2026-05-01T03:28:32+00:00","twitter_card":"summary_large_image","twitter_misc":{"Est. reading time":"2 minutes"},"schema":{"@context":"https:\/\/schema.org","@graph":[{"@type":"WebPage","@id":"https:\/\/www.agenceimmoselect.com\/en\/lot\/tres-bel-appartement-en-duplex-3-chambres-cabine\/","url":"https:\/\/www.agenceimmoselect.com\/en\/lot\/tres-bel-appartement-en-duplex-3-chambres-cabine\/","name":"Tr\u00e8s bel appartement en duplex, 3 chambres + cabine - Agence Immobiliere Les Gets \u2013 Agence Immo Select","isPartOf":{"@id":"https:\/\/www.agenceimmoselect.com\/en\/#website"},"datePublished":"2024-06-13T08:54:23+00:00","dateModified":"2026-05-01T03:28:32+00:00","breadcrumb":{"@id":"https:\/\/www.agenceimmoselect.com\/en\/lot\/tres-bel-appartement-en-duplex-3-chambres-cabine\/#breadcrumb"},"inLanguage":"en-US","potentialAction":[{"@type":"ReadAction","target":["https:\/\/www.agenceimmoselect.com\/en\/lot\/tres-bel-appartement-en-duplex-3-chambres-cabine\/"]}]},{"@type":"BreadcrumbList","@id":"https:\/\/www.agenceimmoselect.com\/en\/lot\/tres-bel-appartement-en-duplex-3-chambres-cabine\/#breadcrumb","itemListElement":[{"@type":"ListItem","position":1,"name":"Accueil","item":"https:\/\/www.agenceimmoselect.com\/en\/"},{"@type":"ListItem","position":2,"name":"Lots","item":"https:\/\/www.agenceimmoselect.com\/en\/lot\/"},{"@type":"ListItem","position":3,"name":"Tr\u00e8s bel appartement en duplex, 3 chambres + cabine"}]},{"@type":"WebSite","@id":"https:\/\/www.agenceimmoselect.com\/en\/#website","url":"https:\/\/www.agenceimmoselect.com\/en\/","name":"Agence Immo'Select - Les Gets","description":"","publisher":{"@id":"https:\/\/www.agenceimmoselect.com\/en\/#organization"},"potentialAction":[{"@type":"SearchAction","target":{"@type":"EntryPoint","urlTemplate":"https:\/\/www.agenceimmoselect.com\/en\/?s={search_term_string}"},"query-input":{"@type":"PropertyValueSpecification","valueRequired":true,"valueName":"search_term_string"}}],"inLanguage":"en-US"},{"@type":"Organization","@id":"https:\/\/www.agenceimmoselect.com\/en\/#organization","name":"Agence Immo'Select - Les Gets","url":"https:\/\/www.agenceimmoselect.com\/en\/","logo":{"@type":"ImageObject","inLanguage":"en-US","@id":"https:\/\/www.agenceimmoselect.com\/en\/#\/schema\/logo\/image\/","url":"https:\/\/www.agenceimmoselect.com\/wp-content\/uploads\/2022\/06\/IMMO-SELECT_Logo_RVB_Fond-bleu.jpg","contentUrl":"https:\/\/www.agenceimmoselect.com\/wp-content\/uploads\/2022\/06\/IMMO-SELECT_Logo_RVB_Fond-bleu.jpg","width":1783,"height":1481,"caption":"Agence Immo'Select - Les Gets"},"image":{"@id":"https:\/\/www.agenceimmoselect.com\/en\/#\/schema\/logo\/image\/"}}]}},"_links":{"self":[{"href":"https:\/\/www.agenceimmoselect.com\/en\/wp-json\/wp\/v2\/lot\/696414","targetHints":{"allow":["GET"]}}],"collection":[{"href":"https:\/\/www.agenceimmoselect.com\/en\/wp-json\/wp\/v2\/lot"}],"about":[{"href":"https:\/\/www.agenceimmoselect.com\/en\/wp-json\/wp\/v2\/types\/lot"}],"author":[{"embeddable":true,"href":"https:\/\/www.agenceimmoselect.com\/en\/wp-json\/wp\/v2\/users\/1"}],"replies":[{"embeddable":true,"href":"https:\/\/www.agenceimmoselect.com\/en\/wp-json\/wp\/v2\/comments?post=696414"}],"version-history":[{"count":1,"href":"https:\/\/www.agenceimmoselect.com\/en\/wp-json\/wp\/v2\/lot\/696414\/revisions"}],"predecessor-version":[{"id":704387,"href":"https:\/\/www.agenceimmoselect.com\/en\/wp-json\/wp\/v2\/lot\/696414\/revisions\/704387"}],"wp:attachment":[{"href":"https:\/\/www.agenceimmoselect.com\/en\/wp-json\/wp\/v2\/media?parent=696414"}],"curies":[{"name":"wp","href":"https:\/\/api.w.org\/{rel}","templated":true}]}}