{"id":696441,"date":"2024-06-13T10:58:30","date_gmt":"2024-06-13T08:58:30","guid":{"rendered":"http:\/\/pith8215.odns.fr\/lot\/appartement-haut-de-gamme-6-personnes-au-centre\/"},"modified":"2026-05-01T05:29:42","modified_gmt":"2026-05-01T03:29:42","slug":"appartement-haut-de-gamme-6-personnes-au-centre","status":"publish","type":"lot","link":"https:\/\/www.agenceimmoselect.com\/en\/lot\/appartement-haut-de-gamme-6-personnes-au-centre\/","title":{"rendered":"Appartement haut de gamme 6 personnes au centre"},"content":{"rendered":"<p>Appartement prestige situ\u00e9 au centre de la station, dans une r\u00e9sidence r\u00e9cente. L&#8217;appartement est situ\u00e9 \u00e0 150m des pistes des Chavannes, au 1er \u00e9tage avec ascenseur. Il offre un acc\u00e8s direct aux commerces, restaurants et supermarch\u00e9. Depuis le s\u00e9jour ou depuis la chambre parentale, la vue est ouverte, sans vis \u00e0 vis, orient\u00e9e sur la rue du centre et le secteur les Chavannes.<br \/>\nSon exposition Est et sa grande terrasse, accessible depuis le s\u00e9jour et les deux chambres, offrent le lieu id\u00e9al pour des vacances r\u00e9ussies.<br \/>\nCapacit\u00e9 : 6 personnes<\/p>\n<p>Non-adh\u00e9rent Multipass \u00e9t\u00e9 2024<\/p>\n<p>DESCRIPTION:<br \/>\n&#8211; Un hall d&#8217;entr\u00e9e avec placard<br \/>\n&#8211; Un WC ind\u00e9pendant<br \/>\n&#8211; Un spacieux s\u00e9jour, lumineux, avec cuisine attenante, orient\u00e9 Est, donnant acc\u00e8s au grand balcon &#8211; Deux chambres doubles \u00e9quip\u00e9es d&#8217;un lit double boxspring (140cm x 190cm) , d&#8217;un placard int\u00e9gr\u00e9 et TV<br \/>\n&#8211; Une salle de bain fonctionnelle avec baignoire, pare baignoire, un lavabo, un s\u00e8che-serviettes<br \/>\n&#8211; Une chambre parentale en suite \u00e9quip\u00e9e d&#8217;un lit double 160cmx 190cm, douche italienne, lavabo, un WC, s\u00e8che serviettes. Balcon ind\u00e9pendant accessible depuis cette chambre, expos\u00e9 Est<\/p>\n<p>EQUIPEMENT:<br \/>\nCuisine enti\u00e8rement \u00e9quip\u00e9e avec micro-ondes\/four int\u00e9gr\u00e9, plaque \u00e0 induction, lave-vaisselle, r\u00e9frig\u00e9rateur\/cong\u00e9lateur, bouilloire, grille-pain, cafeti\u00e8re Nespresso, planche et machine \u00e0 repasser, Wifi. Attention : Plan de travail cuisine fragile, utiliser la planche de protection pour toutes casseroles, poeles.<br \/>\nDisponible dans la r\u00e9sidence : sauna, hammam et fitness collectifs.<\/p>\n<p>ANNEXES:<br \/>\n2 places de parking priv\u00e9es au niveau -2 (avec acc\u00e8s direct par escalier ou ascenseur).<br \/>\n1 casier \u00e0 ski priv\u00e9 au niveau -2. Local \u00e0 v\u00e9lo collectif (pr\u00e9voir un cadenas)<\/p>\n<p>SERVICES INCLUS HIVER ET ETE :<br \/>\nM\u00e9nage fin de s\u00e9jour, Linge de maison (draps, taies d&#8217;oreiller et housse de couette), Serviettes et tapis de bain. Possibilit\u00e9 de commander une\/des prestations de m\u00e9nage et de blanchisserie pendant votre s\u00e9jour.<\/p>\n<p>EN OPTION : Location de peignoir, panier petit dejeuner, prestations de m\u00e9nage et de blanchisserie interm\u00e9diaires. Prix sur demande.<br \/>\nKit de Bienvenue : Kit m\u00e9nage, Kit SDB. Al\u00e8zes jetables \/ Animaux interdits &#8211; Non fumeur<br \/>\nASSURANCE ANNULATION de s\u00e9jour \u00e0 la charge du locataire sur demande<\/p>\n","protected":false},"excerpt":{"rendered":"<p>Appartement prestige situ\u00e9 au centre de la station, dans une r\u00e9sidence r\u00e9cente. L&#8217;appartement est situ\u00e9 \u00e0 150m des pistes des Chavannes, au 1er \u00e9tage avec ascenseur. Il offre un acc\u00e8s direct aux commerces, restaurants et supermarch\u00e9. Depuis le s\u00e9jour ou depuis la chambre parentale, la vue est ouverte, sans vis \u00e0 vis, orient\u00e9e sur la [&hellip;]<\/p>\n","protected":false},"author":1,"featured_media":0,"comment_status":"closed","ping_status":"closed","template":"","class_list":["post-696441","lot","type-lot","status-publish","hentry"],"acf":[],"yoast_head":"<!-- This site is optimized with the Yoast SEO plugin v25.6 - https:\/\/yoast.com\/wordpress\/plugins\/seo\/ -->\n<title>Appartement haut de gamme 6 personnes au centre - Agence Immobiliere Les Gets \u2013 Agence Immo Select<\/title>\n<meta name=\"robots\" content=\"index, follow, max-snippet:-1, max-image-preview:large, max-video-preview:-1\" \/>\n<link rel=\"canonical\" href=\"https:\/\/www.agenceimmoselect.com\/en\/lot\/appartement-haut-de-gamme-6-personnes-au-centre\/\" \/>\n<meta property=\"og:locale\" content=\"en_US\" \/>\n<meta property=\"og:type\" content=\"article\" \/>\n<meta property=\"og:title\" content=\"Appartement haut de gamme 6 personnes au centre - Agence Immobiliere Les Gets \u2013 Agence Immo Select\" \/>\n<meta property=\"og:description\" content=\"Appartement prestige situ\u00e9 au centre de la station, dans une r\u00e9sidence r\u00e9cente. L&#8217;appartement est situ\u00e9 \u00e0 150m des pistes des Chavannes, au 1er \u00e9tage avec ascenseur. Il offre un acc\u00e8s direct aux commerces, restaurants et supermarch\u00e9. Depuis le s\u00e9jour ou depuis la chambre parentale, la vue est ouverte, sans vis \u00e0 vis, orient\u00e9e sur la [&hellip;]\" \/>\n<meta property=\"og:url\" content=\"https:\/\/www.agenceimmoselect.com\/en\/lot\/appartement-haut-de-gamme-6-personnes-au-centre\/\" \/>\n<meta property=\"og:site_name\" content=\"Agence Immobiliere Les Gets \u2013 Agence Immo Select\" \/>\n<meta property=\"article:modified_time\" content=\"2026-05-01T03:29:42+00:00\" \/>\n<meta name=\"twitter:card\" content=\"summary_large_image\" \/>\n<meta name=\"twitter:label1\" content=\"Est. reading time\" \/>\n\t<meta name=\"twitter:data1\" content=\"2 minutes\" \/>\n<script type=\"application\/ld+json\" class=\"yoast-schema-graph\">{\"@context\":\"https:\/\/schema.org\",\"@graph\":[{\"@type\":\"WebPage\",\"@id\":\"https:\/\/www.agenceimmoselect.com\/en\/lot\/appartement-haut-de-gamme-6-personnes-au-centre\/\",\"url\":\"https:\/\/www.agenceimmoselect.com\/en\/lot\/appartement-haut-de-gamme-6-personnes-au-centre\/\",\"name\":\"Appartement haut de gamme 6 personnes au centre - Agence Immobiliere Les Gets \u2013 Agence Immo Select\",\"isPartOf\":{\"@id\":\"https:\/\/www.agenceimmoselect.com\/en\/#website\"},\"datePublished\":\"2024-06-13T08:58:30+00:00\",\"dateModified\":\"2026-05-01T03:29:42+00:00\",\"breadcrumb\":{\"@id\":\"https:\/\/www.agenceimmoselect.com\/en\/lot\/appartement-haut-de-gamme-6-personnes-au-centre\/#breadcrumb\"},\"inLanguage\":\"en-US\",\"potentialAction\":[{\"@type\":\"ReadAction\",\"target\":[\"https:\/\/www.agenceimmoselect.com\/en\/lot\/appartement-haut-de-gamme-6-personnes-au-centre\/\"]}]},{\"@type\":\"BreadcrumbList\",\"@id\":\"https:\/\/www.agenceimmoselect.com\/en\/lot\/appartement-haut-de-gamme-6-personnes-au-centre\/#breadcrumb\",\"itemListElement\":[{\"@type\":\"ListItem\",\"position\":1,\"name\":\"Accueil\",\"item\":\"https:\/\/www.agenceimmoselect.com\/en\/\"},{\"@type\":\"ListItem\",\"position\":2,\"name\":\"Lots\",\"item\":\"https:\/\/www.agenceimmoselect.com\/en\/lot\/\"},{\"@type\":\"ListItem\",\"position\":3,\"name\":\"Appartement haut de gamme 6 personnes au centre\"}]},{\"@type\":\"WebSite\",\"@id\":\"https:\/\/www.agenceimmoselect.com\/en\/#website\",\"url\":\"https:\/\/www.agenceimmoselect.com\/en\/\",\"name\":\"Agence Immo'Select - Les Gets\",\"description\":\"\",\"publisher\":{\"@id\":\"https:\/\/www.agenceimmoselect.com\/en\/#organization\"},\"potentialAction\":[{\"@type\":\"SearchAction\",\"target\":{\"@type\":\"EntryPoint\",\"urlTemplate\":\"https:\/\/www.agenceimmoselect.com\/en\/?s={search_term_string}\"},\"query-input\":{\"@type\":\"PropertyValueSpecification\",\"valueRequired\":true,\"valueName\":\"search_term_string\"}}],\"inLanguage\":\"en-US\"},{\"@type\":\"Organization\",\"@id\":\"https:\/\/www.agenceimmoselect.com\/en\/#organization\",\"name\":\"Agence Immo'Select - Les Gets\",\"url\":\"https:\/\/www.agenceimmoselect.com\/en\/\",\"logo\":{\"@type\":\"ImageObject\",\"inLanguage\":\"en-US\",\"@id\":\"https:\/\/www.agenceimmoselect.com\/en\/#\/schema\/logo\/image\/\",\"url\":\"https:\/\/www.agenceimmoselect.com\/wp-content\/uploads\/2022\/06\/IMMO-SELECT_Logo_RVB_Fond-bleu.jpg\",\"contentUrl\":\"https:\/\/www.agenceimmoselect.com\/wp-content\/uploads\/2022\/06\/IMMO-SELECT_Logo_RVB_Fond-bleu.jpg\",\"width\":1783,\"height\":1481,\"caption\":\"Agence Immo'Select - Les Gets\"},\"image\":{\"@id\":\"https:\/\/www.agenceimmoselect.com\/en\/#\/schema\/logo\/image\/\"}}]}<\/script>\n<!-- \/ Yoast SEO plugin. -->","yoast_head_json":{"title":"Appartement haut de gamme 6 personnes au centre - Agence Immobiliere Les Gets \u2013 Agence Immo Select","robots":{"index":"index","follow":"follow","max-snippet":"max-snippet:-1","max-image-preview":"max-image-preview:large","max-video-preview":"max-video-preview:-1"},"canonical":"https:\/\/www.agenceimmoselect.com\/en\/lot\/appartement-haut-de-gamme-6-personnes-au-centre\/","og_locale":"en_US","og_type":"article","og_title":"Appartement haut de gamme 6 personnes au centre - Agence Immobiliere Les Gets \u2013 Agence Immo Select","og_description":"Appartement prestige situ\u00e9 au centre de la station, dans une r\u00e9sidence r\u00e9cente. L&#8217;appartement est situ\u00e9 \u00e0 150m des pistes des Chavannes, au 1er \u00e9tage avec ascenseur. Il offre un acc\u00e8s direct aux commerces, restaurants et supermarch\u00e9. Depuis le s\u00e9jour ou depuis la chambre parentale, la vue est ouverte, sans vis \u00e0 vis, orient\u00e9e sur la [&hellip;]","og_url":"https:\/\/www.agenceimmoselect.com\/en\/lot\/appartement-haut-de-gamme-6-personnes-au-centre\/","og_site_name":"Agence Immobiliere Les Gets \u2013 Agence Immo Select","article_modified_time":"2026-05-01T03:29:42+00:00","twitter_card":"summary_large_image","twitter_misc":{"Est. reading time":"2 minutes"},"schema":{"@context":"https:\/\/schema.org","@graph":[{"@type":"WebPage","@id":"https:\/\/www.agenceimmoselect.com\/en\/lot\/appartement-haut-de-gamme-6-personnes-au-centre\/","url":"https:\/\/www.agenceimmoselect.com\/en\/lot\/appartement-haut-de-gamme-6-personnes-au-centre\/","name":"Appartement haut de gamme 6 personnes au centre - Agence Immobiliere Les Gets \u2013 Agence Immo Select","isPartOf":{"@id":"https:\/\/www.agenceimmoselect.com\/en\/#website"},"datePublished":"2024-06-13T08:58:30+00:00","dateModified":"2026-05-01T03:29:42+00:00","breadcrumb":{"@id":"https:\/\/www.agenceimmoselect.com\/en\/lot\/appartement-haut-de-gamme-6-personnes-au-centre\/#breadcrumb"},"inLanguage":"en-US","potentialAction":[{"@type":"ReadAction","target":["https:\/\/www.agenceimmoselect.com\/en\/lot\/appartement-haut-de-gamme-6-personnes-au-centre\/"]}]},{"@type":"BreadcrumbList","@id":"https:\/\/www.agenceimmoselect.com\/en\/lot\/appartement-haut-de-gamme-6-personnes-au-centre\/#breadcrumb","itemListElement":[{"@type":"ListItem","position":1,"name":"Accueil","item":"https:\/\/www.agenceimmoselect.com\/en\/"},{"@type":"ListItem","position":2,"name":"Lots","item":"https:\/\/www.agenceimmoselect.com\/en\/lot\/"},{"@type":"ListItem","position":3,"name":"Appartement haut de gamme 6 personnes au centre"}]},{"@type":"WebSite","@id":"https:\/\/www.agenceimmoselect.com\/en\/#website","url":"https:\/\/www.agenceimmoselect.com\/en\/","name":"Agence Immo'Select - Les Gets","description":"","publisher":{"@id":"https:\/\/www.agenceimmoselect.com\/en\/#organization"},"potentialAction":[{"@type":"SearchAction","target":{"@type":"EntryPoint","urlTemplate":"https:\/\/www.agenceimmoselect.com\/en\/?s={search_term_string}"},"query-input":{"@type":"PropertyValueSpecification","valueRequired":true,"valueName":"search_term_string"}}],"inLanguage":"en-US"},{"@type":"Organization","@id":"https:\/\/www.agenceimmoselect.com\/en\/#organization","name":"Agence Immo'Select - Les Gets","url":"https:\/\/www.agenceimmoselect.com\/en\/","logo":{"@type":"ImageObject","inLanguage":"en-US","@id":"https:\/\/www.agenceimmoselect.com\/en\/#\/schema\/logo\/image\/","url":"https:\/\/www.agenceimmoselect.com\/wp-content\/uploads\/2022\/06\/IMMO-SELECT_Logo_RVB_Fond-bleu.jpg","contentUrl":"https:\/\/www.agenceimmoselect.com\/wp-content\/uploads\/2022\/06\/IMMO-SELECT_Logo_RVB_Fond-bleu.jpg","width":1783,"height":1481,"caption":"Agence Immo'Select - Les Gets"},"image":{"@id":"https:\/\/www.agenceimmoselect.com\/en\/#\/schema\/logo\/image\/"}}]}},"_links":{"self":[{"href":"https:\/\/www.agenceimmoselect.com\/en\/wp-json\/wp\/v2\/lot\/696441","targetHints":{"allow":["GET"]}}],"collection":[{"href":"https:\/\/www.agenceimmoselect.com\/en\/wp-json\/wp\/v2\/lot"}],"about":[{"href":"https:\/\/www.agenceimmoselect.com\/en\/wp-json\/wp\/v2\/types\/lot"}],"author":[{"embeddable":true,"href":"https:\/\/www.agenceimmoselect.com\/en\/wp-json\/wp\/v2\/users\/1"}],"replies":[{"embeddable":true,"href":"https:\/\/www.agenceimmoselect.com\/en\/wp-json\/wp\/v2\/comments?post=696441"}],"version-history":[{"count":1,"href":"https:\/\/www.agenceimmoselect.com\/en\/wp-json\/wp\/v2\/lot\/696441\/revisions"}],"predecessor-version":[{"id":704602,"href":"https:\/\/www.agenceimmoselect.com\/en\/wp-json\/wp\/v2\/lot\/696441\/revisions\/704602"}],"wp:attachment":[{"href":"https:\/\/www.agenceimmoselect.com\/en\/wp-json\/wp\/v2\/media?parent=696441"}],"curies":[{"name":"wp","href":"https:\/\/api.w.org\/{rel}","templated":true}]}}