{"id":696450,"date":"2024-06-13T10:59:53","date_gmt":"2024-06-13T08:59:53","guid":{"rendered":"http:\/\/pith8215.odns.fr\/lot\/tres-bel-appartement-classe-4-renove-avec-soin-et-bien-equipe\/"},"modified":"2026-04-22T17:24:32","modified_gmt":"2026-04-22T15:24:32","slug":"tres-bel-appartement-classe-4-renove-avec-soin-et-bien-equipe","status":"publish","type":"lot","link":"https:\/\/www.agenceimmoselect.com\/en\/lot\/tres-bel-appartement-classe-4-renove-avec-soin-et-bien-equipe\/","title":{"rendered":"tr\u00e8s bel appartement class\u00e9 4*, r\u00e9nov\u00e9 avec soin et bien \u00e9quip\u00e9"},"content":{"rendered":"<p>Appartement class\u00e9 4 \u00e9toiles de type 3 pi\u00e8ces cabine enti\u00e8rement r\u00e9nov\u00e9 avec soin et bien \u00e9quip\u00e9. Atmosph\u00e8re chaleureuse, situ\u00e9 au 1er \u00e9tage (avec ascenseur), exposition Est, Sud-Ouest, vue d\u00e9gag\u00e9e sur le Pic du Marcelly. Proximit\u00e9 imm\u00e9diate centre, retour \u00e0 ski facile. Capacit\u00e9 : 6 personnes<\/p>\n<p>Adh\u00e9rent Multipass \u00e9t\u00e9 2024<\/p>\n<p>DESCRIPTION :<br \/>\n&#8211; 1 hall d&#8217;entr\u00e9e avec penderie, rangements et lave linge s\u00e9chant<br \/>\n&#8211; 1 WC ind\u00e9pendant<br \/>\n&#8211; 1 salle de bain avec baignoire et pare bain, 1 vasque et meuble sous vasque, s\u00e8che serviettes<br \/>\n&#8211; 1 chambre double en suite \u00e9quip\u00e9e d&#8217;un lit de 140cm x 190cm, d&#8217;une douche italienne, d&#8217;une vasque avec meuble sous vasque.<br \/>\n&#8211; 1 chambre double (lit de 140 x 190 cm), rangements et t\u00e9l\u00e9vision<br \/>\n&#8211; 1 coin montagne \u00e9quip\u00e9 d&#8217;un lit superpos\u00e9 (90cm x 200cm), commode et placard int\u00e9gr\u00e9<br \/>\n&#8211; 1 pi\u00e8ce de vie tr\u00e8s lumineuse ouvrant sur un balcon Est (\u00e9quip\u00e9 d&#8217;une table basse et de deux chaises longues) et une terrasse \u00e9quip\u00e9e expos\u00e9e Sud ouest (tables et chaises de jardin). Cuisine ouverte int\u00e9gr\u00e9e et tr\u00e8s bien \u00e9quip\u00e9e.<\/p>\n<p>EQUIPEMENTS :<br \/>\nChauffage collectif fuel avec r\u00e9glage individuel des radiateurs,2 t\u00e9l\u00e9visions (chaines TNT et Orange), Wifi, enceinte, refrig\u00e9rateur avec freezer, 4 plaques vitroc\u00e9ramiques, lave vaisselle int\u00e9gr\u00e9, four et four micro-ondes int\u00e9gr\u00e9s, bouilloire, grille pain, machine \u00e0 caf\u00e9 Nespresso, appareil \u00e0 raclette et \u00e0 fondue, lave linge s\u00e9chant, jeux de soci\u00e9t\u00e9, porte b\u00e9b\u00e9 adapt\u00e9 montagne, s\u00e8che-cheveux, fer et table \u00e0 repasser, lit enfant parapluie et son matelas, chaise-haute pour enfant (sur demande).<\/p>\n<p>ANNEXES :<br \/>\nCasier \u00e0 ski priv\u00e9, 1 place de parking couverte au sous sol de la r\u00e9sidence (possibilit\u00e9 de garer deux petites ou moyennes voitures l&#8217;une derri\u00e8re l&#8217;autre)<\/p>\n<p>SERVICES INCLUS HIVER :<br \/>\nM\u00e9nage fin de s\u00e9jour, Linge de maison (draps, taies d&#8217;oreiller et housse de couette),  Serviettes et tapis de bain. Location de peignoir sur demande.<\/p>\n<p>LOCATION ETE :<br \/>\nLe m\u00e9nage de fin de s\u00e9jour est inclus.<\/p>\n<p> Pr\u00e9paration des lits en option, Prix sur demande. <\/p>\n<p>CADEAUX DE BIENVENUE : Kit m\u00e9nage, Kit SDB. Al\u00e8zes jetables \/ Animaux interdits &#8211; Non fumeur.<\/p>\n","protected":false},"excerpt":{"rendered":"<p>Appartement class\u00e9 4 \u00e9toiles de type 3 pi\u00e8ces cabine enti\u00e8rement r\u00e9nov\u00e9 avec soin et bien \u00e9quip\u00e9. Atmosph\u00e8re chaleureuse, situ\u00e9 au 1er \u00e9tage (avec ascenseur), exposition Est, Sud-Ouest, vue d\u00e9gag\u00e9e sur le Pic du Marcelly. Proximit\u00e9 imm\u00e9diate centre, retour \u00e0 ski facile. Capacit\u00e9 : 6 personnes Adh\u00e9rent Multipass \u00e9t\u00e9 2024 DESCRIPTION : &#8211; 1 hall d&#8217;entr\u00e9e [&hellip;]<\/p>\n","protected":false},"author":1,"featured_media":0,"comment_status":"closed","ping_status":"closed","template":"","class_list":["post-696450","lot","type-lot","status-publish","hentry"],"acf":[],"yoast_head":"<!-- This site is optimized with the Yoast SEO plugin v25.6 - https:\/\/yoast.com\/wordpress\/plugins\/seo\/ -->\n<title>tr\u00e8s bel appartement class\u00e9 4*, r\u00e9nov\u00e9 avec soin et bien \u00e9quip\u00e9 - Agence Immobiliere Les Gets \u2013 Agence Immo Select<\/title>\n<meta name=\"robots\" content=\"index, follow, max-snippet:-1, max-image-preview:large, max-video-preview:-1\" \/>\n<link rel=\"canonical\" href=\"https:\/\/www.agenceimmoselect.com\/en\/lot\/tres-bel-appartement-classe-4-renove-avec-soin-et-bien-equipe\/\" \/>\n<meta property=\"og:locale\" content=\"en_US\" \/>\n<meta property=\"og:type\" content=\"article\" \/>\n<meta property=\"og:title\" content=\"tr\u00e8s bel appartement class\u00e9 4*, r\u00e9nov\u00e9 avec soin et bien \u00e9quip\u00e9 - Agence Immobiliere Les Gets \u2013 Agence Immo Select\" \/>\n<meta property=\"og:description\" content=\"Appartement class\u00e9 4 \u00e9toiles de type 3 pi\u00e8ces cabine enti\u00e8rement r\u00e9nov\u00e9 avec soin et bien \u00e9quip\u00e9. Atmosph\u00e8re chaleureuse, situ\u00e9 au 1er \u00e9tage (avec ascenseur), exposition Est, Sud-Ouest, vue d\u00e9gag\u00e9e sur le Pic du Marcelly. Proximit\u00e9 imm\u00e9diate centre, retour \u00e0 ski facile. Capacit\u00e9 : 6 personnes Adh\u00e9rent Multipass \u00e9t\u00e9 2024 DESCRIPTION : &#8211; 1 hall d&#8217;entr\u00e9e [&hellip;]\" \/>\n<meta property=\"og:url\" content=\"https:\/\/www.agenceimmoselect.com\/en\/lot\/tres-bel-appartement-classe-4-renove-avec-soin-et-bien-equipe\/\" \/>\n<meta property=\"og:site_name\" content=\"Agence Immobiliere Les Gets \u2013 Agence Immo Select\" \/>\n<meta property=\"article:modified_time\" content=\"2026-04-22T15:24:32+00:00\" \/>\n<meta name=\"twitter:card\" content=\"summary_large_image\" \/>\n<meta name=\"twitter:label1\" content=\"Est. reading time\" \/>\n\t<meta name=\"twitter:data1\" content=\"2 minutes\" \/>\n<script type=\"application\/ld+json\" class=\"yoast-schema-graph\">{\"@context\":\"https:\/\/schema.org\",\"@graph\":[{\"@type\":\"WebPage\",\"@id\":\"https:\/\/www.agenceimmoselect.com\/en\/lot\/tres-bel-appartement-classe-4-renove-avec-soin-et-bien-equipe\/\",\"url\":\"https:\/\/www.agenceimmoselect.com\/en\/lot\/tres-bel-appartement-classe-4-renove-avec-soin-et-bien-equipe\/\",\"name\":\"tr\u00e8s bel appartement class\u00e9 4*, r\u00e9nov\u00e9 avec soin et bien \u00e9quip\u00e9 - Agence Immobiliere Les Gets \u2013 Agence Immo Select\",\"isPartOf\":{\"@id\":\"https:\/\/www.agenceimmoselect.com\/en\/#website\"},\"datePublished\":\"2024-06-13T08:59:53+00:00\",\"dateModified\":\"2026-04-22T15:24:32+00:00\",\"breadcrumb\":{\"@id\":\"https:\/\/www.agenceimmoselect.com\/en\/lot\/tres-bel-appartement-classe-4-renove-avec-soin-et-bien-equipe\/#breadcrumb\"},\"inLanguage\":\"en-US\",\"potentialAction\":[{\"@type\":\"ReadAction\",\"target\":[\"https:\/\/www.agenceimmoselect.com\/en\/lot\/tres-bel-appartement-classe-4-renove-avec-soin-et-bien-equipe\/\"]}]},{\"@type\":\"BreadcrumbList\",\"@id\":\"https:\/\/www.agenceimmoselect.com\/en\/lot\/tres-bel-appartement-classe-4-renove-avec-soin-et-bien-equipe\/#breadcrumb\",\"itemListElement\":[{\"@type\":\"ListItem\",\"position\":1,\"name\":\"Accueil\",\"item\":\"https:\/\/www.agenceimmoselect.com\/en\/\"},{\"@type\":\"ListItem\",\"position\":2,\"name\":\"Lots\",\"item\":\"https:\/\/www.agenceimmoselect.com\/en\/lot\/\"},{\"@type\":\"ListItem\",\"position\":3,\"name\":\"tr\u00e8s bel appartement class\u00e9 4*, r\u00e9nov\u00e9 avec soin et bien \u00e9quip\u00e9\"}]},{\"@type\":\"WebSite\",\"@id\":\"https:\/\/www.agenceimmoselect.com\/en\/#website\",\"url\":\"https:\/\/www.agenceimmoselect.com\/en\/\",\"name\":\"Agence Immo'Select - Les Gets\",\"description\":\"\",\"publisher\":{\"@id\":\"https:\/\/www.agenceimmoselect.com\/en\/#organization\"},\"potentialAction\":[{\"@type\":\"SearchAction\",\"target\":{\"@type\":\"EntryPoint\",\"urlTemplate\":\"https:\/\/www.agenceimmoselect.com\/en\/?s={search_term_string}\"},\"query-input\":{\"@type\":\"PropertyValueSpecification\",\"valueRequired\":true,\"valueName\":\"search_term_string\"}}],\"inLanguage\":\"en-US\"},{\"@type\":\"Organization\",\"@id\":\"https:\/\/www.agenceimmoselect.com\/en\/#organization\",\"name\":\"Agence Immo'Select - Les Gets\",\"url\":\"https:\/\/www.agenceimmoselect.com\/en\/\",\"logo\":{\"@type\":\"ImageObject\",\"inLanguage\":\"en-US\",\"@id\":\"https:\/\/www.agenceimmoselect.com\/en\/#\/schema\/logo\/image\/\",\"url\":\"https:\/\/www.agenceimmoselect.com\/wp-content\/uploads\/2022\/06\/IMMO-SELECT_Logo_RVB_Fond-bleu.jpg\",\"contentUrl\":\"https:\/\/www.agenceimmoselect.com\/wp-content\/uploads\/2022\/06\/IMMO-SELECT_Logo_RVB_Fond-bleu.jpg\",\"width\":1783,\"height\":1481,\"caption\":\"Agence Immo'Select - Les Gets\"},\"image\":{\"@id\":\"https:\/\/www.agenceimmoselect.com\/en\/#\/schema\/logo\/image\/\"}}]}<\/script>\n<!-- \/ Yoast SEO plugin. -->","yoast_head_json":{"title":"tr\u00e8s bel appartement class\u00e9 4*, r\u00e9nov\u00e9 avec soin et bien \u00e9quip\u00e9 - Agence Immobiliere Les Gets \u2013 Agence Immo Select","robots":{"index":"index","follow":"follow","max-snippet":"max-snippet:-1","max-image-preview":"max-image-preview:large","max-video-preview":"max-video-preview:-1"},"canonical":"https:\/\/www.agenceimmoselect.com\/en\/lot\/tres-bel-appartement-classe-4-renove-avec-soin-et-bien-equipe\/","og_locale":"en_US","og_type":"article","og_title":"tr\u00e8s bel appartement class\u00e9 4*, r\u00e9nov\u00e9 avec soin et bien \u00e9quip\u00e9 - Agence Immobiliere Les Gets \u2013 Agence Immo Select","og_description":"Appartement class\u00e9 4 \u00e9toiles de type 3 pi\u00e8ces cabine enti\u00e8rement r\u00e9nov\u00e9 avec soin et bien \u00e9quip\u00e9. Atmosph\u00e8re chaleureuse, situ\u00e9 au 1er \u00e9tage (avec ascenseur), exposition Est, Sud-Ouest, vue d\u00e9gag\u00e9e sur le Pic du Marcelly. Proximit\u00e9 imm\u00e9diate centre, retour \u00e0 ski facile. Capacit\u00e9 : 6 personnes Adh\u00e9rent Multipass \u00e9t\u00e9 2024 DESCRIPTION : &#8211; 1 hall d&#8217;entr\u00e9e [&hellip;]","og_url":"https:\/\/www.agenceimmoselect.com\/en\/lot\/tres-bel-appartement-classe-4-renove-avec-soin-et-bien-equipe\/","og_site_name":"Agence Immobiliere Les Gets \u2013 Agence Immo Select","article_modified_time":"2026-04-22T15:24:32+00:00","twitter_card":"summary_large_image","twitter_misc":{"Est. reading time":"2 minutes"},"schema":{"@context":"https:\/\/schema.org","@graph":[{"@type":"WebPage","@id":"https:\/\/www.agenceimmoselect.com\/en\/lot\/tres-bel-appartement-classe-4-renove-avec-soin-et-bien-equipe\/","url":"https:\/\/www.agenceimmoselect.com\/en\/lot\/tres-bel-appartement-classe-4-renove-avec-soin-et-bien-equipe\/","name":"tr\u00e8s bel appartement class\u00e9 4*, r\u00e9nov\u00e9 avec soin et bien \u00e9quip\u00e9 - Agence Immobiliere Les Gets \u2013 Agence Immo Select","isPartOf":{"@id":"https:\/\/www.agenceimmoselect.com\/en\/#website"},"datePublished":"2024-06-13T08:59:53+00:00","dateModified":"2026-04-22T15:24:32+00:00","breadcrumb":{"@id":"https:\/\/www.agenceimmoselect.com\/en\/lot\/tres-bel-appartement-classe-4-renove-avec-soin-et-bien-equipe\/#breadcrumb"},"inLanguage":"en-US","potentialAction":[{"@type":"ReadAction","target":["https:\/\/www.agenceimmoselect.com\/en\/lot\/tres-bel-appartement-classe-4-renove-avec-soin-et-bien-equipe\/"]}]},{"@type":"BreadcrumbList","@id":"https:\/\/www.agenceimmoselect.com\/en\/lot\/tres-bel-appartement-classe-4-renove-avec-soin-et-bien-equipe\/#breadcrumb","itemListElement":[{"@type":"ListItem","position":1,"name":"Accueil","item":"https:\/\/www.agenceimmoselect.com\/en\/"},{"@type":"ListItem","position":2,"name":"Lots","item":"https:\/\/www.agenceimmoselect.com\/en\/lot\/"},{"@type":"ListItem","position":3,"name":"tr\u00e8s bel appartement class\u00e9 4*, r\u00e9nov\u00e9 avec soin et bien \u00e9quip\u00e9"}]},{"@type":"WebSite","@id":"https:\/\/www.agenceimmoselect.com\/en\/#website","url":"https:\/\/www.agenceimmoselect.com\/en\/","name":"Agence Immo'Select - Les Gets","description":"","publisher":{"@id":"https:\/\/www.agenceimmoselect.com\/en\/#organization"},"potentialAction":[{"@type":"SearchAction","target":{"@type":"EntryPoint","urlTemplate":"https:\/\/www.agenceimmoselect.com\/en\/?s={search_term_string}"},"query-input":{"@type":"PropertyValueSpecification","valueRequired":true,"valueName":"search_term_string"}}],"inLanguage":"en-US"},{"@type":"Organization","@id":"https:\/\/www.agenceimmoselect.com\/en\/#organization","name":"Agence Immo'Select - Les Gets","url":"https:\/\/www.agenceimmoselect.com\/en\/","logo":{"@type":"ImageObject","inLanguage":"en-US","@id":"https:\/\/www.agenceimmoselect.com\/en\/#\/schema\/logo\/image\/","url":"https:\/\/www.agenceimmoselect.com\/wp-content\/uploads\/2022\/06\/IMMO-SELECT_Logo_RVB_Fond-bleu.jpg","contentUrl":"https:\/\/www.agenceimmoselect.com\/wp-content\/uploads\/2022\/06\/IMMO-SELECT_Logo_RVB_Fond-bleu.jpg","width":1783,"height":1481,"caption":"Agence Immo'Select - Les Gets"},"image":{"@id":"https:\/\/www.agenceimmoselect.com\/en\/#\/schema\/logo\/image\/"}}]}},"_links":{"self":[{"href":"https:\/\/www.agenceimmoselect.com\/en\/wp-json\/wp\/v2\/lot\/696450","targetHints":{"allow":["GET"]}}],"collection":[{"href":"https:\/\/www.agenceimmoselect.com\/en\/wp-json\/wp\/v2\/lot"}],"about":[{"href":"https:\/\/www.agenceimmoselect.com\/en\/wp-json\/wp\/v2\/types\/lot"}],"author":[{"embeddable":true,"href":"https:\/\/www.agenceimmoselect.com\/en\/wp-json\/wp\/v2\/users\/1"}],"replies":[{"embeddable":true,"href":"https:\/\/www.agenceimmoselect.com\/en\/wp-json\/wp\/v2\/comments?post=696450"}],"version-history":[{"count":1,"href":"https:\/\/www.agenceimmoselect.com\/en\/wp-json\/wp\/v2\/lot\/696450\/revisions"}],"predecessor-version":[{"id":704339,"href":"https:\/\/www.agenceimmoselect.com\/en\/wp-json\/wp\/v2\/lot\/696450\/revisions\/704339"}],"wp:attachment":[{"href":"https:\/\/www.agenceimmoselect.com\/en\/wp-json\/wp\/v2\/media?parent=696450"}],"curies":[{"name":"wp","href":"https:\/\/api.w.org\/{rel}","templated":true}]}}