{"id":698018,"date":"2024-08-17T10:04:00","date_gmt":"2024-08-17T08:04:00","guid":{"rendered":"https:\/\/www.agenceimmoselect.com\/lot\/appartement-renove-en-plein-centre\/"},"modified":"2026-05-01T05:32:12","modified_gmt":"2026-05-01T03:32:12","slug":"appartement-renove-en-plein-centre","status":"publish","type":"lot","link":"https:\/\/www.agenceimmoselect.com\/en\/lot\/appartement-renove-en-plein-centre\/","title":{"rendered":"Appartement r\u00e9nov\u00e9 en plein centre, charme et accessibilit\u00e9 garantis"},"content":{"rendered":"<p>Charmant appartement r\u00e9nov\u00e9 de 28 m\u00b2 , situ\u00e9 au 2\u00e8me \u00e9tage d&#8217;une r\u00e9sidence sans ascenseur, il offre une belle exposition Est.  Avec sa d\u00e9coration soign\u00e9e et sa cuisine \u00e9quip\u00e9e, cet appartement d\u00e9gage une ambiance chaleureuse parfaite pour se sentir chez soi.<br \/>\nCapacit\u00e9 : 4 personnes. <\/p>\n<p>DESCRIPTION :<br \/>\n&#8211; un hall d&#8217;entr\u00e9e avec porte manteaux<br \/>\n&#8211; un salle de douche avec vasque<br \/>\n&#8211; un wc ind\u00e9pendant<br \/>\n&#8211; 1 espace salon-s\u00e9jour \u00e9quip\u00e9 d&#8217;un canap\u00e9 convertible de qualit\u00e9 (140x190cm), acces au balcon<br \/>\n&#8211; 1 chambre double avec lit de (cm  140 x 190cm) et rangements<\/p>\n<p>EQUIPEMENTS :<br \/>\nChauffage \u00e9lectrique ind\u00e9pendant, t\u00e9l\u00e9vision, four, lave-vaisselle,2 plaques induction, four micro-ondes, grille pain, bouilloire, cafeti\u00e8re \u00e0 filtre, cafeti\u00e8re Nespresso, appareil \u00e0 raclette, s\u00e8che cheveux, fer et table a repasser, wifi<br \/>\nANNEXES :<br \/>\n1 casier \u00e0 ski<\/p>\n<p>SERVICES INCLUS HIVER :<br \/>\nM\u00e9nage de fin de sejour, linge de lit, serviettes, torchons et tapis de bain. <\/p>\n<p>SERVICE INCLUS  ETE :<br \/>\nM\u00e9nage fin de s\u00e9jour<\/p>\n<p>SERVICES EN OPTION ETE : Linge de maison (draps, taies d&#8217;oreiller et housse de couette), Lits faits \u00e0 votre arriv\u00e9e, Serviettes et tapis de bain.  Prix sur demande.<\/p>\n<p>CADEAUX DE BIENVENUE : Kit m\u00e9nage, Kit SDB. Al\u00e8zes jetables \/ Non fumeur &#8211; animaux interdits<br \/>\nASSURANCE ANNULATION de s\u00e9jour \u00e0 la charge du locataire sur demande<\/p>\n","protected":false},"excerpt":{"rendered":"<p>Charmant appartement r\u00e9nov\u00e9 de 28 m\u00b2 , situ\u00e9 au 2\u00e8me \u00e9tage d&#8217;une r\u00e9sidence sans ascenseur, il offre une belle exposition Est. Avec sa d\u00e9coration soign\u00e9e et sa cuisine \u00e9quip\u00e9e, cet appartement d\u00e9gage une ambiance chaleureuse parfaite pour se sentir chez soi. Capacit\u00e9 : 4 personnes. DESCRIPTION : &#8211; un hall d&#8217;entr\u00e9e avec porte manteaux &#8211; [&hellip;]<\/p>\n","protected":false},"author":0,"featured_media":0,"comment_status":"closed","ping_status":"closed","template":"","class_list":["post-698018","lot","type-lot","status-publish","hentry"],"acf":[],"yoast_head":"<!-- This site is optimized with the Yoast SEO plugin v25.6 - https:\/\/yoast.com\/wordpress\/plugins\/seo\/ -->\n<title>Appartement r\u00e9nov\u00e9 en plein centre, charme et accessibilit\u00e9 garantis - Agence Immobiliere Les Gets \u2013 Agence Immo Select<\/title>\n<meta name=\"robots\" content=\"index, follow, max-snippet:-1, max-image-preview:large, max-video-preview:-1\" \/>\n<link rel=\"canonical\" href=\"https:\/\/www.agenceimmoselect.com\/en\/lot\/appartement-renove-en-plein-centre\/\" \/>\n<meta property=\"og:locale\" content=\"en_US\" \/>\n<meta property=\"og:type\" content=\"article\" \/>\n<meta property=\"og:title\" content=\"Appartement r\u00e9nov\u00e9 en plein centre, charme et accessibilit\u00e9 garantis - Agence Immobiliere Les Gets \u2013 Agence Immo Select\" \/>\n<meta property=\"og:description\" content=\"Charmant appartement r\u00e9nov\u00e9 de 28 m\u00b2 , situ\u00e9 au 2\u00e8me \u00e9tage d&#8217;une r\u00e9sidence sans ascenseur, il offre une belle exposition Est. Avec sa d\u00e9coration soign\u00e9e et sa cuisine \u00e9quip\u00e9e, cet appartement d\u00e9gage une ambiance chaleureuse parfaite pour se sentir chez soi. Capacit\u00e9 : 4 personnes. DESCRIPTION : &#8211; un hall d&#8217;entr\u00e9e avec porte manteaux &#8211; [&hellip;]\" \/>\n<meta property=\"og:url\" content=\"https:\/\/www.agenceimmoselect.com\/en\/lot\/appartement-renove-en-plein-centre\/\" \/>\n<meta property=\"og:site_name\" content=\"Agence Immobiliere Les Gets \u2013 Agence Immo Select\" \/>\n<meta property=\"article:modified_time\" content=\"2026-05-01T03:32:12+00:00\" \/>\n<meta name=\"twitter:card\" content=\"summary_large_image\" \/>\n<meta name=\"twitter:label1\" content=\"Est. reading time\" \/>\n\t<meta name=\"twitter:data1\" content=\"1 minute\" \/>\n<script type=\"application\/ld+json\" class=\"yoast-schema-graph\">{\"@context\":\"https:\/\/schema.org\",\"@graph\":[{\"@type\":\"WebPage\",\"@id\":\"https:\/\/www.agenceimmoselect.com\/en\/lot\/appartement-renove-en-plein-centre\/\",\"url\":\"https:\/\/www.agenceimmoselect.com\/en\/lot\/appartement-renove-en-plein-centre\/\",\"name\":\"Appartement r\u00e9nov\u00e9 en plein centre, charme et accessibilit\u00e9 garantis - Agence Immobiliere Les Gets \u2013 Agence Immo Select\",\"isPartOf\":{\"@id\":\"https:\/\/www.agenceimmoselect.com\/en\/#website\"},\"datePublished\":\"2024-08-17T08:04:00+00:00\",\"dateModified\":\"2026-05-01T03:32:12+00:00\",\"breadcrumb\":{\"@id\":\"https:\/\/www.agenceimmoselect.com\/en\/lot\/appartement-renove-en-plein-centre\/#breadcrumb\"},\"inLanguage\":\"en-US\",\"potentialAction\":[{\"@type\":\"ReadAction\",\"target\":[\"https:\/\/www.agenceimmoselect.com\/en\/lot\/appartement-renove-en-plein-centre\/\"]}]},{\"@type\":\"BreadcrumbList\",\"@id\":\"https:\/\/www.agenceimmoselect.com\/en\/lot\/appartement-renove-en-plein-centre\/#breadcrumb\",\"itemListElement\":[{\"@type\":\"ListItem\",\"position\":1,\"name\":\"Accueil\",\"item\":\"https:\/\/www.agenceimmoselect.com\/en\/\"},{\"@type\":\"ListItem\",\"position\":2,\"name\":\"Lots\",\"item\":\"https:\/\/www.agenceimmoselect.com\/en\/lot\/\"},{\"@type\":\"ListItem\",\"position\":3,\"name\":\"Appartement r\u00e9nov\u00e9 en plein centre, charme et accessibilit\u00e9 garantis\"}]},{\"@type\":\"WebSite\",\"@id\":\"https:\/\/www.agenceimmoselect.com\/en\/#website\",\"url\":\"https:\/\/www.agenceimmoselect.com\/en\/\",\"name\":\"Agence Immo'Select - Les Gets\",\"description\":\"\",\"publisher\":{\"@id\":\"https:\/\/www.agenceimmoselect.com\/en\/#organization\"},\"potentialAction\":[{\"@type\":\"SearchAction\",\"target\":{\"@type\":\"EntryPoint\",\"urlTemplate\":\"https:\/\/www.agenceimmoselect.com\/en\/?s={search_term_string}\"},\"query-input\":{\"@type\":\"PropertyValueSpecification\",\"valueRequired\":true,\"valueName\":\"search_term_string\"}}],\"inLanguage\":\"en-US\"},{\"@type\":\"Organization\",\"@id\":\"https:\/\/www.agenceimmoselect.com\/en\/#organization\",\"name\":\"Agence Immo'Select - Les Gets\",\"url\":\"https:\/\/www.agenceimmoselect.com\/en\/\",\"logo\":{\"@type\":\"ImageObject\",\"inLanguage\":\"en-US\",\"@id\":\"https:\/\/www.agenceimmoselect.com\/en\/#\/schema\/logo\/image\/\",\"url\":\"https:\/\/www.agenceimmoselect.com\/wp-content\/uploads\/2022\/06\/IMMO-SELECT_Logo_RVB_Fond-bleu.jpg\",\"contentUrl\":\"https:\/\/www.agenceimmoselect.com\/wp-content\/uploads\/2022\/06\/IMMO-SELECT_Logo_RVB_Fond-bleu.jpg\",\"width\":1783,\"height\":1481,\"caption\":\"Agence Immo'Select - Les Gets\"},\"image\":{\"@id\":\"https:\/\/www.agenceimmoselect.com\/en\/#\/schema\/logo\/image\/\"}}]}<\/script>\n<!-- \/ Yoast SEO plugin. -->","yoast_head_json":{"title":"Appartement r\u00e9nov\u00e9 en plein centre, charme et accessibilit\u00e9 garantis - Agence Immobiliere Les Gets \u2013 Agence Immo Select","robots":{"index":"index","follow":"follow","max-snippet":"max-snippet:-1","max-image-preview":"max-image-preview:large","max-video-preview":"max-video-preview:-1"},"canonical":"https:\/\/www.agenceimmoselect.com\/en\/lot\/appartement-renove-en-plein-centre\/","og_locale":"en_US","og_type":"article","og_title":"Appartement r\u00e9nov\u00e9 en plein centre, charme et accessibilit\u00e9 garantis - Agence Immobiliere Les Gets \u2013 Agence Immo Select","og_description":"Charmant appartement r\u00e9nov\u00e9 de 28 m\u00b2 , situ\u00e9 au 2\u00e8me \u00e9tage d&#8217;une r\u00e9sidence sans ascenseur, il offre une belle exposition Est. Avec sa d\u00e9coration soign\u00e9e et sa cuisine \u00e9quip\u00e9e, cet appartement d\u00e9gage une ambiance chaleureuse parfaite pour se sentir chez soi. Capacit\u00e9 : 4 personnes. DESCRIPTION : &#8211; un hall d&#8217;entr\u00e9e avec porte manteaux &#8211; [&hellip;]","og_url":"https:\/\/www.agenceimmoselect.com\/en\/lot\/appartement-renove-en-plein-centre\/","og_site_name":"Agence Immobiliere Les Gets \u2013 Agence Immo Select","article_modified_time":"2026-05-01T03:32:12+00:00","twitter_card":"summary_large_image","twitter_misc":{"Est. reading time":"1 minute"},"schema":{"@context":"https:\/\/schema.org","@graph":[{"@type":"WebPage","@id":"https:\/\/www.agenceimmoselect.com\/en\/lot\/appartement-renove-en-plein-centre\/","url":"https:\/\/www.agenceimmoselect.com\/en\/lot\/appartement-renove-en-plein-centre\/","name":"Appartement r\u00e9nov\u00e9 en plein centre, charme et accessibilit\u00e9 garantis - Agence Immobiliere Les Gets \u2013 Agence Immo Select","isPartOf":{"@id":"https:\/\/www.agenceimmoselect.com\/en\/#website"},"datePublished":"2024-08-17T08:04:00+00:00","dateModified":"2026-05-01T03:32:12+00:00","breadcrumb":{"@id":"https:\/\/www.agenceimmoselect.com\/en\/lot\/appartement-renove-en-plein-centre\/#breadcrumb"},"inLanguage":"en-US","potentialAction":[{"@type":"ReadAction","target":["https:\/\/www.agenceimmoselect.com\/en\/lot\/appartement-renove-en-plein-centre\/"]}]},{"@type":"BreadcrumbList","@id":"https:\/\/www.agenceimmoselect.com\/en\/lot\/appartement-renove-en-plein-centre\/#breadcrumb","itemListElement":[{"@type":"ListItem","position":1,"name":"Accueil","item":"https:\/\/www.agenceimmoselect.com\/en\/"},{"@type":"ListItem","position":2,"name":"Lots","item":"https:\/\/www.agenceimmoselect.com\/en\/lot\/"},{"@type":"ListItem","position":3,"name":"Appartement r\u00e9nov\u00e9 en plein centre, charme et accessibilit\u00e9 garantis"}]},{"@type":"WebSite","@id":"https:\/\/www.agenceimmoselect.com\/en\/#website","url":"https:\/\/www.agenceimmoselect.com\/en\/","name":"Agence Immo'Select - Les Gets","description":"","publisher":{"@id":"https:\/\/www.agenceimmoselect.com\/en\/#organization"},"potentialAction":[{"@type":"SearchAction","target":{"@type":"EntryPoint","urlTemplate":"https:\/\/www.agenceimmoselect.com\/en\/?s={search_term_string}"},"query-input":{"@type":"PropertyValueSpecification","valueRequired":true,"valueName":"search_term_string"}}],"inLanguage":"en-US"},{"@type":"Organization","@id":"https:\/\/www.agenceimmoselect.com\/en\/#organization","name":"Agence Immo'Select - Les Gets","url":"https:\/\/www.agenceimmoselect.com\/en\/","logo":{"@type":"ImageObject","inLanguage":"en-US","@id":"https:\/\/www.agenceimmoselect.com\/en\/#\/schema\/logo\/image\/","url":"https:\/\/www.agenceimmoselect.com\/wp-content\/uploads\/2022\/06\/IMMO-SELECT_Logo_RVB_Fond-bleu.jpg","contentUrl":"https:\/\/www.agenceimmoselect.com\/wp-content\/uploads\/2022\/06\/IMMO-SELECT_Logo_RVB_Fond-bleu.jpg","width":1783,"height":1481,"caption":"Agence Immo'Select - Les Gets"},"image":{"@id":"https:\/\/www.agenceimmoselect.com\/en\/#\/schema\/logo\/image\/"}}]}},"_links":{"self":[{"href":"https:\/\/www.agenceimmoselect.com\/en\/wp-json\/wp\/v2\/lot\/698018","targetHints":{"allow":["GET"]}}],"collection":[{"href":"https:\/\/www.agenceimmoselect.com\/en\/wp-json\/wp\/v2\/lot"}],"about":[{"href":"https:\/\/www.agenceimmoselect.com\/en\/wp-json\/wp\/v2\/types\/lot"}],"replies":[{"embeddable":true,"href":"https:\/\/www.agenceimmoselect.com\/en\/wp-json\/wp\/v2\/comments?post=698018"}],"version-history":[{"count":1,"href":"https:\/\/www.agenceimmoselect.com\/en\/wp-json\/wp\/v2\/lot\/698018\/revisions"}],"predecessor-version":[{"id":704607,"href":"https:\/\/www.agenceimmoselect.com\/en\/wp-json\/wp\/v2\/lot\/698018\/revisions\/704607"}],"wp:attachment":[{"href":"https:\/\/www.agenceimmoselect.com\/en\/wp-json\/wp\/v2\/media?parent=698018"}],"curies":[{"name":"wp","href":"https:\/\/api.w.org\/{rel}","templated":true}]}}