{"id":705397,"date":"2025-09-29T17:17:39","date_gmt":"2025-09-29T15:17:39","guid":{"rendered":"https:\/\/www.agenceimmoselect.com\/lot\/appartement-prestige-pour-deux\/"},"modified":"2026-05-01T05:33:39","modified_gmt":"2026-05-01T03:33:39","slug":"appartement-prestige-pour-deux","status":"publish","type":"lot","link":"https:\/\/www.agenceimmoselect.com\/en\/lot\/appartement-prestige-pour-deux\/","title":{"rendered":"Appartement prestige pour deux"},"content":{"rendered":"<p>Charmant appartement tout confort, id\u00e9alement situ\u00e9 dans le quartier de la Turche, r\u00e9sidence neuve et paisible. Cadre calme. \u00c0 proximit\u00e9 des pistes et des sentiers, l\u2019endroit parfait pour un s\u00e9jour relaxant \u00e0 la montagne, \u00e9t\u00e9 comme hiver. Capacit\u00e9 2 personnes <\/p>\n<p>DESCRIPTION:<br \/>\n&#8211; Un hall d&#8217;entr\u00e9e avec rangements<br \/>\n&#8211; Un s\u00e9jour avec cuisine ouverte, orient\u00e9 Sud-Est, donnant acc\u00e8s au  balcon (canap\u00e9 n&#8217;offrant pas de couchage)<br \/>\n&#8211; Une chambre \u00e9quip\u00e9e d&#8217;un lit double (160cm x 200cm) et d&#8217;un placard int\u00e9gr\u00e9.<br \/>\n&#8211; Une salle de bain fonctionnelle avec une cabine de douche, un lavabo, un s\u00e8che-serviettes<br \/>\n&#8211; Un WC s\u00e9par\u00e9.<\/p>\n<p>EQUIPEMENT:<br \/>\nCuisine enti\u00e8rement \u00e9quip\u00e9e avec micro-ondes\/four int\u00e9gr\u00e9, plaque \u00e0 induction, lave-vaisselle, r\u00e9frig\u00e9rateur\/cong\u00e9lateur, bouilloire, grille-pain , cafeti\u00e8re Nespresso, lave-linge avec s\u00e8che-linge, Internet, TV, mobilier exterieur, \u00e9tandage \u00e0 linge. <\/p>\n<p>ANNEXES:<br \/>\n1 garage<br \/>\n1 casier \u00e0 ski priv\u00e9 au rez-de-chauss\u00e9e<\/p>\n<p>SERVICES INCLUS HIVER ET ETE :<br \/>\nM\u00e9nage fin de s\u00e9jour, Linge de maison (draps, taies d&#8217;oreiller et housse de couette), Serviettes et tapis de bain.<\/p>\n<p>EN OPTION : pr\u00e9paration des lits, location de peignoir, panier petit dejeuner, prestations de m\u00e9nage et de blanchisserie interm\u00e9diaires. Prix sur demande.<br \/>\n\u00c0 votre arriv\u00e9e : Produits d&#8217;accueil m\u00e9nage et SDB. Al\u00e8zes jetables \/ Animaux interdits &#8211; Non fumeur<br \/>\nASSURANCE ANNULATION de s\u00e9jour \u00e0 la charge du locataire sur demande<\/p>\n","protected":false},"excerpt":{"rendered":"<p>Charmant appartement tout confort, id\u00e9alement situ\u00e9 dans le quartier de la Turche, r\u00e9sidence neuve et paisible. Cadre calme. \u00c0 proximit\u00e9 des pistes et des sentiers, l\u2019endroit parfait pour un s\u00e9jour relaxant \u00e0 la montagne, \u00e9t\u00e9 comme hiver. Capacit\u00e9 2 personnes DESCRIPTION: &#8211; Un hall d&#8217;entr\u00e9e avec rangements &#8211; Un s\u00e9jour avec cuisine ouverte, orient\u00e9 Sud-Est, [&hellip;]<\/p>\n","protected":false},"author":0,"featured_media":0,"comment_status":"closed","ping_status":"closed","template":"","class_list":["post-705397","lot","type-lot","status-publish","hentry"],"acf":[],"yoast_head":"<!-- This site is optimized with the Yoast SEO plugin v25.6 - https:\/\/yoast.com\/wordpress\/plugins\/seo\/ -->\n<title>Appartement prestige pour deux - Agence Immobiliere Les Gets \u2013 Agence Immo Select<\/title>\n<meta name=\"robots\" content=\"index, follow, max-snippet:-1, max-image-preview:large, max-video-preview:-1\" \/>\n<link rel=\"canonical\" href=\"https:\/\/www.agenceimmoselect.com\/en\/lot\/appartement-prestige-pour-deux\/\" \/>\n<meta property=\"og:locale\" content=\"en_US\" \/>\n<meta property=\"og:type\" content=\"article\" \/>\n<meta property=\"og:title\" content=\"Appartement prestige pour deux - Agence Immobiliere Les Gets \u2013 Agence Immo Select\" \/>\n<meta property=\"og:description\" content=\"Charmant appartement tout confort, id\u00e9alement situ\u00e9 dans le quartier de la Turche, r\u00e9sidence neuve et paisible. Cadre calme. \u00c0 proximit\u00e9 des pistes et des sentiers, l\u2019endroit parfait pour un s\u00e9jour relaxant \u00e0 la montagne, \u00e9t\u00e9 comme hiver. Capacit\u00e9 2 personnes DESCRIPTION: &#8211; Un hall d&#8217;entr\u00e9e avec rangements &#8211; Un s\u00e9jour avec cuisine ouverte, orient\u00e9 Sud-Est, [&hellip;]\" \/>\n<meta property=\"og:url\" content=\"https:\/\/www.agenceimmoselect.com\/en\/lot\/appartement-prestige-pour-deux\/\" \/>\n<meta property=\"og:site_name\" content=\"Agence Immobiliere Les Gets \u2013 Agence Immo Select\" \/>\n<meta property=\"article:modified_time\" content=\"2026-05-01T03:33:39+00:00\" \/>\n<meta name=\"twitter:card\" content=\"summary_large_image\" \/>\n<meta name=\"twitter:label1\" content=\"Est. reading time\" \/>\n\t<meta name=\"twitter:data1\" content=\"1 minute\" \/>\n<script type=\"application\/ld+json\" class=\"yoast-schema-graph\">{\"@context\":\"https:\/\/schema.org\",\"@graph\":[{\"@type\":\"WebPage\",\"@id\":\"https:\/\/www.agenceimmoselect.com\/en\/lot\/appartement-prestige-pour-deux\/\",\"url\":\"https:\/\/www.agenceimmoselect.com\/en\/lot\/appartement-prestige-pour-deux\/\",\"name\":\"Appartement prestige pour deux - Agence Immobiliere Les Gets \u2013 Agence Immo Select\",\"isPartOf\":{\"@id\":\"https:\/\/www.agenceimmoselect.com\/en\/#website\"},\"datePublished\":\"2025-09-29T15:17:39+00:00\",\"dateModified\":\"2026-05-01T03:33:39+00:00\",\"breadcrumb\":{\"@id\":\"https:\/\/www.agenceimmoselect.com\/en\/lot\/appartement-prestige-pour-deux\/#breadcrumb\"},\"inLanguage\":\"en-US\",\"potentialAction\":[{\"@type\":\"ReadAction\",\"target\":[\"https:\/\/www.agenceimmoselect.com\/en\/lot\/appartement-prestige-pour-deux\/\"]}]},{\"@type\":\"BreadcrumbList\",\"@id\":\"https:\/\/www.agenceimmoselect.com\/en\/lot\/appartement-prestige-pour-deux\/#breadcrumb\",\"itemListElement\":[{\"@type\":\"ListItem\",\"position\":1,\"name\":\"Accueil\",\"item\":\"https:\/\/www.agenceimmoselect.com\/en\/\"},{\"@type\":\"ListItem\",\"position\":2,\"name\":\"Lots\",\"item\":\"https:\/\/www.agenceimmoselect.com\/en\/lot\/\"},{\"@type\":\"ListItem\",\"position\":3,\"name\":\"Appartement prestige pour deux\"}]},{\"@type\":\"WebSite\",\"@id\":\"https:\/\/www.agenceimmoselect.com\/en\/#website\",\"url\":\"https:\/\/www.agenceimmoselect.com\/en\/\",\"name\":\"Agence Immo'Select - Les Gets\",\"description\":\"\",\"publisher\":{\"@id\":\"https:\/\/www.agenceimmoselect.com\/en\/#organization\"},\"potentialAction\":[{\"@type\":\"SearchAction\",\"target\":{\"@type\":\"EntryPoint\",\"urlTemplate\":\"https:\/\/www.agenceimmoselect.com\/en\/?s={search_term_string}\"},\"query-input\":{\"@type\":\"PropertyValueSpecification\",\"valueRequired\":true,\"valueName\":\"search_term_string\"}}],\"inLanguage\":\"en-US\"},{\"@type\":\"Organization\",\"@id\":\"https:\/\/www.agenceimmoselect.com\/en\/#organization\",\"name\":\"Agence Immo'Select - Les Gets\",\"url\":\"https:\/\/www.agenceimmoselect.com\/en\/\",\"logo\":{\"@type\":\"ImageObject\",\"inLanguage\":\"en-US\",\"@id\":\"https:\/\/www.agenceimmoselect.com\/en\/#\/schema\/logo\/image\/\",\"url\":\"https:\/\/www.agenceimmoselect.com\/wp-content\/uploads\/2022\/06\/IMMO-SELECT_Logo_RVB_Fond-bleu.jpg\",\"contentUrl\":\"https:\/\/www.agenceimmoselect.com\/wp-content\/uploads\/2022\/06\/IMMO-SELECT_Logo_RVB_Fond-bleu.jpg\",\"width\":1783,\"height\":1481,\"caption\":\"Agence Immo'Select - Les Gets\"},\"image\":{\"@id\":\"https:\/\/www.agenceimmoselect.com\/en\/#\/schema\/logo\/image\/\"}}]}<\/script>\n<!-- \/ Yoast SEO plugin. -->","yoast_head_json":{"title":"Appartement prestige pour deux - Agence Immobiliere Les Gets \u2013 Agence Immo Select","robots":{"index":"index","follow":"follow","max-snippet":"max-snippet:-1","max-image-preview":"max-image-preview:large","max-video-preview":"max-video-preview:-1"},"canonical":"https:\/\/www.agenceimmoselect.com\/en\/lot\/appartement-prestige-pour-deux\/","og_locale":"en_US","og_type":"article","og_title":"Appartement prestige pour deux - Agence Immobiliere Les Gets \u2013 Agence Immo Select","og_description":"Charmant appartement tout confort, id\u00e9alement situ\u00e9 dans le quartier de la Turche, r\u00e9sidence neuve et paisible. Cadre calme. \u00c0 proximit\u00e9 des pistes et des sentiers, l\u2019endroit parfait pour un s\u00e9jour relaxant \u00e0 la montagne, \u00e9t\u00e9 comme hiver. Capacit\u00e9 2 personnes DESCRIPTION: &#8211; Un hall d&#8217;entr\u00e9e avec rangements &#8211; Un s\u00e9jour avec cuisine ouverte, orient\u00e9 Sud-Est, [&hellip;]","og_url":"https:\/\/www.agenceimmoselect.com\/en\/lot\/appartement-prestige-pour-deux\/","og_site_name":"Agence Immobiliere Les Gets \u2013 Agence Immo Select","article_modified_time":"2026-05-01T03:33:39+00:00","twitter_card":"summary_large_image","twitter_misc":{"Est. reading time":"1 minute"},"schema":{"@context":"https:\/\/schema.org","@graph":[{"@type":"WebPage","@id":"https:\/\/www.agenceimmoselect.com\/en\/lot\/appartement-prestige-pour-deux\/","url":"https:\/\/www.agenceimmoselect.com\/en\/lot\/appartement-prestige-pour-deux\/","name":"Appartement prestige pour deux - Agence Immobiliere Les Gets \u2013 Agence Immo Select","isPartOf":{"@id":"https:\/\/www.agenceimmoselect.com\/en\/#website"},"datePublished":"2025-09-29T15:17:39+00:00","dateModified":"2026-05-01T03:33:39+00:00","breadcrumb":{"@id":"https:\/\/www.agenceimmoselect.com\/en\/lot\/appartement-prestige-pour-deux\/#breadcrumb"},"inLanguage":"en-US","potentialAction":[{"@type":"ReadAction","target":["https:\/\/www.agenceimmoselect.com\/en\/lot\/appartement-prestige-pour-deux\/"]}]},{"@type":"BreadcrumbList","@id":"https:\/\/www.agenceimmoselect.com\/en\/lot\/appartement-prestige-pour-deux\/#breadcrumb","itemListElement":[{"@type":"ListItem","position":1,"name":"Accueil","item":"https:\/\/www.agenceimmoselect.com\/en\/"},{"@type":"ListItem","position":2,"name":"Lots","item":"https:\/\/www.agenceimmoselect.com\/en\/lot\/"},{"@type":"ListItem","position":3,"name":"Appartement prestige pour deux"}]},{"@type":"WebSite","@id":"https:\/\/www.agenceimmoselect.com\/en\/#website","url":"https:\/\/www.agenceimmoselect.com\/en\/","name":"Agence Immo'Select - Les Gets","description":"","publisher":{"@id":"https:\/\/www.agenceimmoselect.com\/en\/#organization"},"potentialAction":[{"@type":"SearchAction","target":{"@type":"EntryPoint","urlTemplate":"https:\/\/www.agenceimmoselect.com\/en\/?s={search_term_string}"},"query-input":{"@type":"PropertyValueSpecification","valueRequired":true,"valueName":"search_term_string"}}],"inLanguage":"en-US"},{"@type":"Organization","@id":"https:\/\/www.agenceimmoselect.com\/en\/#organization","name":"Agence Immo'Select - Les Gets","url":"https:\/\/www.agenceimmoselect.com\/en\/","logo":{"@type":"ImageObject","inLanguage":"en-US","@id":"https:\/\/www.agenceimmoselect.com\/en\/#\/schema\/logo\/image\/","url":"https:\/\/www.agenceimmoselect.com\/wp-content\/uploads\/2022\/06\/IMMO-SELECT_Logo_RVB_Fond-bleu.jpg","contentUrl":"https:\/\/www.agenceimmoselect.com\/wp-content\/uploads\/2022\/06\/IMMO-SELECT_Logo_RVB_Fond-bleu.jpg","width":1783,"height":1481,"caption":"Agence Immo'Select - Les Gets"},"image":{"@id":"https:\/\/www.agenceimmoselect.com\/en\/#\/schema\/logo\/image\/"}}]}},"_links":{"self":[{"href":"https:\/\/www.agenceimmoselect.com\/en\/wp-json\/wp\/v2\/lot\/705397","targetHints":{"allow":["GET"]}}],"collection":[{"href":"https:\/\/www.agenceimmoselect.com\/en\/wp-json\/wp\/v2\/lot"}],"about":[{"href":"https:\/\/www.agenceimmoselect.com\/en\/wp-json\/wp\/v2\/types\/lot"}],"replies":[{"embeddable":true,"href":"https:\/\/www.agenceimmoselect.com\/en\/wp-json\/wp\/v2\/comments?post=705397"}],"version-history":[{"count":1,"href":"https:\/\/www.agenceimmoselect.com\/en\/wp-json\/wp\/v2\/lot\/705397\/revisions"}],"predecessor-version":[{"id":705398,"href":"https:\/\/www.agenceimmoselect.com\/en\/wp-json\/wp\/v2\/lot\/705397\/revisions\/705398"}],"wp:attachment":[{"href":"https:\/\/www.agenceimmoselect.com\/en\/wp-json\/wp\/v2\/media?parent=705397"}],"curies":[{"name":"wp","href":"https:\/\/api.w.org\/{rel}","templated":true}]}}