{"id":705702,"date":"2025-11-14T16:19:46","date_gmt":"2025-11-14T15:19:46","guid":{"rendered":"https:\/\/www.agenceimmoselect.com\/lot\/chalet-celine-et-sebastien-proche-des-pistes-et-avec-spa\/"},"modified":"2026-05-01T05:25:11","modified_gmt":"2026-05-01T03:25:11","slug":"chalet-celine-et-sebastien-proche-des-pistes-et-avec-spa","status":"publish","type":"lot","link":"https:\/\/www.agenceimmoselect.com\/en\/lot\/chalet-celine-et-sebastien-proche-des-pistes-et-avec-spa\/","title":{"rendered":"Chalet C\u00e9line et S\u00e9bastien, proche des pistes et avec Spa"},"content":{"rendered":"<p>D\u00e9couvrez l\u2019authenticit\u00e9 et le raffinement d\u2019un s\u00e9jour \u00e0 la montagne dans le chalet C\u00e9line &amp; S\u00e9bastien, un chalet de standing de 138 m\u00b2, class\u00e9 ****, o\u00f9 le confort moderne rencontre le charme alpin.<br \/>\nPos\u00e9 litt\u00e9ralement au bord des pistes, le chalet offre, gr\u00e2ce \u00e0 ses nombreuses ouvertures, une vue imprenable sur les sommets environnants.<br \/>\n\u00c0 l\u2019int\u00e9rieur, une atmosph\u00e8re chaleureuse et cosy vous enveloppe. Le choix des mat\u00e9riaux nobles et l\u2019attention port\u00e9e aux d\u00e9tails cr\u00e9ent une ambiance douce et authentique, id\u00e9ale pour se ressourcer en toute saison.<br \/>\nExpositions Nord-Ouest et Nord-Est, pour profiter pleinement de la lumi\u00e8re du matin et des fins de journ\u00e9e montagnardes.<br \/>\nNouveaut\u00e9 2025 : un jacuzzi ext\u00e9rieur vient sublimer l\u2019exp\u00e9rience. Imaginez-vous, en fin de journ\u00e9e, immerg\u00e9 dans une eau chaude, face aux montagnes enneig\u00e9es\u2026<br \/>\nUn lieu unique, pens\u00e9 pour ceux qui recherchent une parenth\u00e8se de luxe, de nature et de tranquillit\u00e9, en couple, en famille ou entre amis.<br \/>\n Capacit\u00e9 maximum : 14 personnes (dans l&#8217;id\u00e9al : 6 couchages minimum d\u00e9di\u00e9s aux enfants\/adolescents) <\/p>\n<p>DESCRIPTION :<br \/>\nAu rez de chauss\u00e9e :<br \/>\n&#8211; 2 garages ind\u00e9pendants<br \/>\n&#8211; 1 local \u00e0 v\u00e9lo commun au chalet voisin<br \/>\n&#8211; 1 hall<br \/>\n&#8211; 1 local \u00e9quip\u00e9 d&#8217;une machine \u00e0 laver et d&#8217;un s\u00e8che linge<br \/>\n&#8211; 1 chaufferie<br \/>\n&#8211; 1 chambre &#8220;dortoir&#8221; avec 6 lits superpos\u00e9s (90cm x 190cm) en suite, \u00e9quip\u00e9e d&#8217;une TV,  rangements, douche italienne, double vasques, WC, et s\u00e8che serviettes<br \/>\nAu premier \u00e9tage :<br \/>\n&#8211; 1 entr\u00e9e avec WC ind\u00e9pendant et lave main<br \/>\n&#8211; 1 espace salon avec chemin\u00e9e (bois inclus), ouvert sur une cuisine avec piano de cuisson et ilot central, et sur l&#8217;escalier reliant les deux \u00e9tages, TV connect\u00e9e<br \/>\n&#8211; 1 espace repas donnant sur le balcon expos\u00e9 ouest, avec vue dominante sur le domaine du Mont Chery et le Pic du Marcelly, rejoignant la terrasse<br \/>\n&#8211; 1 terrasse expos\u00e9e Sud-Est \u00e9quip\u00e9e de mobilier de jardin, d&#8217;un BBQ et bain scandinave<br \/>\nAu 2\u00e8me \u00e9tage :<br \/>\n&#8211; 2 chambres doubles (lits de 160cm x 200cm) en suite avec vue pistes, \u00e9quip\u00e9es d&#8217;une TV connect\u00e9e, douche italienne, double vasques et une avec s\u00e8che serviette, rangements.<br \/>\n&#8211; 1 chambre double \u00e9quip\u00e9e d&#8217;une TV connect\u00e9e, d&#8217;un lit de 160cm x 200cm et rangements<br \/>\n&#8211; 1 chambre double \u00e9quip\u00e9e d&#8217;une TV connect\u00e9e, d&#8217;un lit de 140cm x 190cm et rangements<br \/>\n&#8211; 1 salle d&#8217;eau commune aux deux derni\u00e8res chambres \u00e9quip\u00e9e d&#8217;une douche et d&#8217;une double vasque.<br \/>\n&#8211; 1 WC ind\u00e9pendant. <\/p>\n<p>EQUIPEMENTS : Chauffage au sol (pompe \u00e0 chaleur), chemin\u00e9e, lave-vaisselle, lave-linge, s\u00e8che linge, piano de cuisson avec fours, four micro-ondes, hotte, deux r\u00e9frig\u00e9rateurs, un cong\u00e9lateur, cafeti\u00e8re Nespresso, grille-pain, bouilloire, robot de cuisine, presse-agrume \/ blender, appareil \u00e0 fondue, appareil \u00e0 raclette, TV, s\u00e8che-cheveux, acc\u00e8s WIFI, chaise haute, lit b\u00e9b\u00e9 (draps en suppl\u00e9ment, sur demande) et barri\u00e8re escalier. <\/p>\n<p>ANNEXES : 2 garages, places de parking ext\u00e9rieures, 2 casiers \u00e0 ski, local \u00e0 v\u00e9lo commun (pr\u00e9voir cadenas).<\/p>\n<p>Animaux accept\u00e9s maximum 1 chien <\/p>\n<p>SERVICES INCLUS HIVER ET ETE :<br \/>\nM\u00e9nage fin de s\u00e9jour, Linge de maison (draps, taies d&#8217;oreiller et housse de couette), Lits faits \u00e0 votre arriv\u00e9e, Serviettes et tapis de bain. <\/p>\n<p>SERVICES OPTIONNELS :<br \/>\nLocation de peignoir &amp; prestations m\u00e9nage et linge suppl\u00e9mentaires, panier petit dejeuner sur demande aupr\u00e8s de nos services<br \/>\nRetrouvez tous nos services disponibles dans l&#8217;onglet Location de vacances, rubrique Service \u00e0 la carte.<br \/>\n\u00c0 votre arriv\u00e9e : Produits d&#8217;accueil m\u00e9nage et SDB. Non fumeurs.<\/p>\n","protected":false},"excerpt":{"rendered":"<p>D\u00e9couvrez l\u2019authenticit\u00e9 et le raffinement d\u2019un s\u00e9jour \u00e0 la montagne dans le chalet C\u00e9line &amp; S\u00e9bastien, un chalet de standing de 138 m\u00b2, class\u00e9 ****, o\u00f9 le confort moderne rencontre le charme alpin. Pos\u00e9 litt\u00e9ralement au bord des pistes, le chalet offre, gr\u00e2ce \u00e0 ses nombreuses ouvertures, une vue imprenable sur les sommets environnants. \u00c0 [&hellip;]<\/p>\n","protected":false},"author":0,"featured_media":0,"comment_status":"closed","ping_status":"closed","template":"","class_list":["post-705702","lot","type-lot","status-publish","hentry"],"acf":[],"yoast_head":"<!-- This site is optimized with the Yoast SEO plugin v25.6 - https:\/\/yoast.com\/wordpress\/plugins\/seo\/ -->\n<title>Chalet C\u00e9line et S\u00e9bastien, proche des pistes et avec Spa - Agence Immobiliere Les Gets \u2013 Agence Immo Select<\/title>\n<meta name=\"robots\" content=\"index, follow, max-snippet:-1, max-image-preview:large, max-video-preview:-1\" \/>\n<link rel=\"canonical\" href=\"https:\/\/www.agenceimmoselect.com\/en\/lot\/chalet-celine-et-sebastien-proche-des-pistes-et-avec-spa\/\" \/>\n<meta property=\"og:locale\" content=\"en_US\" \/>\n<meta property=\"og:type\" content=\"article\" \/>\n<meta property=\"og:title\" content=\"Chalet C\u00e9line et S\u00e9bastien, proche des pistes et avec Spa - Agence Immobiliere Les Gets \u2013 Agence Immo Select\" \/>\n<meta property=\"og:description\" content=\"D\u00e9couvrez l\u2019authenticit\u00e9 et le raffinement d\u2019un s\u00e9jour \u00e0 la montagne dans le chalet C\u00e9line &amp; S\u00e9bastien, un chalet de standing de 138 m\u00b2, class\u00e9 ****, o\u00f9 le confort moderne rencontre le charme alpin. Pos\u00e9 litt\u00e9ralement au bord des pistes, le chalet offre, gr\u00e2ce \u00e0 ses nombreuses ouvertures, une vue imprenable sur les sommets environnants. \u00c0 [&hellip;]\" \/>\n<meta property=\"og:url\" content=\"https:\/\/www.agenceimmoselect.com\/en\/lot\/chalet-celine-et-sebastien-proche-des-pistes-et-avec-spa\/\" \/>\n<meta property=\"og:site_name\" content=\"Agence Immobiliere Les Gets \u2013 Agence Immo Select\" \/>\n<meta property=\"article:modified_time\" content=\"2026-05-01T03:25:11+00:00\" \/>\n<meta name=\"twitter:card\" content=\"summary_large_image\" \/>\n<meta name=\"twitter:label1\" content=\"Est. reading time\" \/>\n\t<meta name=\"twitter:data1\" content=\"3 minutes\" \/>\n<script type=\"application\/ld+json\" class=\"yoast-schema-graph\">{\"@context\":\"https:\/\/schema.org\",\"@graph\":[{\"@type\":\"WebPage\",\"@id\":\"https:\/\/www.agenceimmoselect.com\/en\/lot\/chalet-celine-et-sebastien-proche-des-pistes-et-avec-spa\/\",\"url\":\"https:\/\/www.agenceimmoselect.com\/en\/lot\/chalet-celine-et-sebastien-proche-des-pistes-et-avec-spa\/\",\"name\":\"Chalet C\u00e9line et S\u00e9bastien, proche des pistes et avec Spa - Agence Immobiliere Les Gets \u2013 Agence Immo Select\",\"isPartOf\":{\"@id\":\"https:\/\/www.agenceimmoselect.com\/en\/#website\"},\"datePublished\":\"2025-11-14T15:19:46+00:00\",\"dateModified\":\"2026-05-01T03:25:11+00:00\",\"breadcrumb\":{\"@id\":\"https:\/\/www.agenceimmoselect.com\/en\/lot\/chalet-celine-et-sebastien-proche-des-pistes-et-avec-spa\/#breadcrumb\"},\"inLanguage\":\"en-US\",\"potentialAction\":[{\"@type\":\"ReadAction\",\"target\":[\"https:\/\/www.agenceimmoselect.com\/en\/lot\/chalet-celine-et-sebastien-proche-des-pistes-et-avec-spa\/\"]}]},{\"@type\":\"BreadcrumbList\",\"@id\":\"https:\/\/www.agenceimmoselect.com\/en\/lot\/chalet-celine-et-sebastien-proche-des-pistes-et-avec-spa\/#breadcrumb\",\"itemListElement\":[{\"@type\":\"ListItem\",\"position\":1,\"name\":\"Accueil\",\"item\":\"https:\/\/www.agenceimmoselect.com\/en\/\"},{\"@type\":\"ListItem\",\"position\":2,\"name\":\"Lots\",\"item\":\"https:\/\/www.agenceimmoselect.com\/en\/lot\/\"},{\"@type\":\"ListItem\",\"position\":3,\"name\":\"Chalet C\u00e9line et S\u00e9bastien, proche des pistes et avec Spa\"}]},{\"@type\":\"WebSite\",\"@id\":\"https:\/\/www.agenceimmoselect.com\/en\/#website\",\"url\":\"https:\/\/www.agenceimmoselect.com\/en\/\",\"name\":\"Agence Immo'Select - Les Gets\",\"description\":\"\",\"publisher\":{\"@id\":\"https:\/\/www.agenceimmoselect.com\/en\/#organization\"},\"potentialAction\":[{\"@type\":\"SearchAction\",\"target\":{\"@type\":\"EntryPoint\",\"urlTemplate\":\"https:\/\/www.agenceimmoselect.com\/en\/?s={search_term_string}\"},\"query-input\":{\"@type\":\"PropertyValueSpecification\",\"valueRequired\":true,\"valueName\":\"search_term_string\"}}],\"inLanguage\":\"en-US\"},{\"@type\":\"Organization\",\"@id\":\"https:\/\/www.agenceimmoselect.com\/en\/#organization\",\"name\":\"Agence Immo'Select - Les Gets\",\"url\":\"https:\/\/www.agenceimmoselect.com\/en\/\",\"logo\":{\"@type\":\"ImageObject\",\"inLanguage\":\"en-US\",\"@id\":\"https:\/\/www.agenceimmoselect.com\/en\/#\/schema\/logo\/image\/\",\"url\":\"https:\/\/www.agenceimmoselect.com\/wp-content\/uploads\/2022\/06\/IMMO-SELECT_Logo_RVB_Fond-bleu.jpg\",\"contentUrl\":\"https:\/\/www.agenceimmoselect.com\/wp-content\/uploads\/2022\/06\/IMMO-SELECT_Logo_RVB_Fond-bleu.jpg\",\"width\":1783,\"height\":1481,\"caption\":\"Agence Immo'Select - Les Gets\"},\"image\":{\"@id\":\"https:\/\/www.agenceimmoselect.com\/en\/#\/schema\/logo\/image\/\"}}]}<\/script>\n<!-- \/ Yoast SEO plugin. -->","yoast_head_json":{"title":"Chalet C\u00e9line et S\u00e9bastien, proche des pistes et avec Spa - Agence Immobiliere Les Gets \u2013 Agence Immo Select","robots":{"index":"index","follow":"follow","max-snippet":"max-snippet:-1","max-image-preview":"max-image-preview:large","max-video-preview":"max-video-preview:-1"},"canonical":"https:\/\/www.agenceimmoselect.com\/en\/lot\/chalet-celine-et-sebastien-proche-des-pistes-et-avec-spa\/","og_locale":"en_US","og_type":"article","og_title":"Chalet C\u00e9line et S\u00e9bastien, proche des pistes et avec Spa - Agence Immobiliere Les Gets \u2013 Agence Immo Select","og_description":"D\u00e9couvrez l\u2019authenticit\u00e9 et le raffinement d\u2019un s\u00e9jour \u00e0 la montagne dans le chalet C\u00e9line &amp; S\u00e9bastien, un chalet de standing de 138 m\u00b2, class\u00e9 ****, o\u00f9 le confort moderne rencontre le charme alpin. Pos\u00e9 litt\u00e9ralement au bord des pistes, le chalet offre, gr\u00e2ce \u00e0 ses nombreuses ouvertures, une vue imprenable sur les sommets environnants. \u00c0 [&hellip;]","og_url":"https:\/\/www.agenceimmoselect.com\/en\/lot\/chalet-celine-et-sebastien-proche-des-pistes-et-avec-spa\/","og_site_name":"Agence Immobiliere Les Gets \u2013 Agence Immo Select","article_modified_time":"2026-05-01T03:25:11+00:00","twitter_card":"summary_large_image","twitter_misc":{"Est. reading time":"3 minutes"},"schema":{"@context":"https:\/\/schema.org","@graph":[{"@type":"WebPage","@id":"https:\/\/www.agenceimmoselect.com\/en\/lot\/chalet-celine-et-sebastien-proche-des-pistes-et-avec-spa\/","url":"https:\/\/www.agenceimmoselect.com\/en\/lot\/chalet-celine-et-sebastien-proche-des-pistes-et-avec-spa\/","name":"Chalet C\u00e9line et S\u00e9bastien, proche des pistes et avec Spa - Agence Immobiliere Les Gets \u2013 Agence Immo Select","isPartOf":{"@id":"https:\/\/www.agenceimmoselect.com\/en\/#website"},"datePublished":"2025-11-14T15:19:46+00:00","dateModified":"2026-05-01T03:25:11+00:00","breadcrumb":{"@id":"https:\/\/www.agenceimmoselect.com\/en\/lot\/chalet-celine-et-sebastien-proche-des-pistes-et-avec-spa\/#breadcrumb"},"inLanguage":"en-US","potentialAction":[{"@type":"ReadAction","target":["https:\/\/www.agenceimmoselect.com\/en\/lot\/chalet-celine-et-sebastien-proche-des-pistes-et-avec-spa\/"]}]},{"@type":"BreadcrumbList","@id":"https:\/\/www.agenceimmoselect.com\/en\/lot\/chalet-celine-et-sebastien-proche-des-pistes-et-avec-spa\/#breadcrumb","itemListElement":[{"@type":"ListItem","position":1,"name":"Accueil","item":"https:\/\/www.agenceimmoselect.com\/en\/"},{"@type":"ListItem","position":2,"name":"Lots","item":"https:\/\/www.agenceimmoselect.com\/en\/lot\/"},{"@type":"ListItem","position":3,"name":"Chalet C\u00e9line et S\u00e9bastien, proche des pistes et avec Spa"}]},{"@type":"WebSite","@id":"https:\/\/www.agenceimmoselect.com\/en\/#website","url":"https:\/\/www.agenceimmoselect.com\/en\/","name":"Agence Immo'Select - Les Gets","description":"","publisher":{"@id":"https:\/\/www.agenceimmoselect.com\/en\/#organization"},"potentialAction":[{"@type":"SearchAction","target":{"@type":"EntryPoint","urlTemplate":"https:\/\/www.agenceimmoselect.com\/en\/?s={search_term_string}"},"query-input":{"@type":"PropertyValueSpecification","valueRequired":true,"valueName":"search_term_string"}}],"inLanguage":"en-US"},{"@type":"Organization","@id":"https:\/\/www.agenceimmoselect.com\/en\/#organization","name":"Agence Immo'Select - Les Gets","url":"https:\/\/www.agenceimmoselect.com\/en\/","logo":{"@type":"ImageObject","inLanguage":"en-US","@id":"https:\/\/www.agenceimmoselect.com\/en\/#\/schema\/logo\/image\/","url":"https:\/\/www.agenceimmoselect.com\/wp-content\/uploads\/2022\/06\/IMMO-SELECT_Logo_RVB_Fond-bleu.jpg","contentUrl":"https:\/\/www.agenceimmoselect.com\/wp-content\/uploads\/2022\/06\/IMMO-SELECT_Logo_RVB_Fond-bleu.jpg","width":1783,"height":1481,"caption":"Agence Immo'Select - Les Gets"},"image":{"@id":"https:\/\/www.agenceimmoselect.com\/en\/#\/schema\/logo\/image\/"}}]}},"_links":{"self":[{"href":"https:\/\/www.agenceimmoselect.com\/en\/wp-json\/wp\/v2\/lot\/705702","targetHints":{"allow":["GET"]}}],"collection":[{"href":"https:\/\/www.agenceimmoselect.com\/en\/wp-json\/wp\/v2\/lot"}],"about":[{"href":"https:\/\/www.agenceimmoselect.com\/en\/wp-json\/wp\/v2\/types\/lot"}],"replies":[{"embeddable":true,"href":"https:\/\/www.agenceimmoselect.com\/en\/wp-json\/wp\/v2\/comments?post=705702"}],"version-history":[{"count":1,"href":"https:\/\/www.agenceimmoselect.com\/en\/wp-json\/wp\/v2\/lot\/705702\/revisions"}],"predecessor-version":[{"id":705703,"href":"https:\/\/www.agenceimmoselect.com\/en\/wp-json\/wp\/v2\/lot\/705702\/revisions\/705703"}],"wp:attachment":[{"href":"https:\/\/www.agenceimmoselect.com\/en\/wp-json\/wp\/v2\/media?parent=705702"}],"curies":[{"name":"wp","href":"https:\/\/api.w.org\/{rel}","templated":true}]}}